{"id":14213,"date":"2026-03-18T11:48:54","date_gmt":"2026-03-18T10:48:54","guid":{"rendered":"https:\/\/www.redingrealestateinvestment.com\/location-de-vacances\/"},"modified":"2026-03-18T12:15:04","modified_gmt":"2026-03-18T11:15:04","slug":"location-de-vacances","status":"publish","type":"page","link":"https:\/\/www.redingrealestateinvestment.com\/fr\/location-de-vacances\/","title":{"rendered":"Location de vacances"},"content":{"rendered":"<p>[et_pb_section fb_built=\u00a0\u00bb1&Prime; _builder_version=\u00a0\u00bb4.27.6&Prime; _module_preset=\u00a0\u00bbdefault\u00a0\u00bb background_color=\u00a0\u00bbrgba(0,0,0,0.4)\u00a0\u00bb background_image=\u00a0\u00bbhttps:\/\/www.redingrealestateinvestment.com\/wp-content\/uploads\/2026\/03\/alquiler-vacacional7.jpg\u00a0\u00bb custom_padding=\u00a0\u00bb200px||260px||false|false\u00a0\u00bb top_divider_color=\u00a0\u00bbrgba(255,255,255,0.3)\u00a0\u00bb top_divider_height=\u00a0\u00bb100%\u00a0\u00bb top_divider_repeat=\u00a0\u00bb1.5x\u00a0\u00bb background_last_edited=\u00a0\u00bboff|phone\u00a0\u00bb parallax_phone=\u00a0\u00bboff\u00a0\u00bb background_size_phone=\u00a0\u00bbcover\u00a0\u00bb locked=\u00a0\u00bboff\u00a0\u00bb global_colors_info=\u00a0\u00bb{}\u00a0\u00bb][et_pb_row column_structure=\u00a0\u00bb3_4,1_4&Prime; _builder_version=\u00a0\u00bb4.16&Prime; _module_preset=\u00a0\u00bbdefault\u00a0\u00bb max_width=\u00a0\u00bb80%\u00a0\u00bb global_colors_info=\u00a0\u00bb{}\u00a0\u00bb][et_pb_column type=\u00a0\u00bb3_4&Prime; _builder_version=\u00a0\u00bb4.16&Prime; _module_preset=\u00a0\u00bbdefault\u00a0\u00bb global_colors_info=\u00a0\u00bb{}\u00a0\u00bb][et_pb_text _builder_version=\u00a0\u00bb4.27.6&Prime; _module_preset=\u00a0\u00bbdefault\u00a0\u00bb text_font=\u00a0\u00bb|700||on|||||\u00a0\u00bb text_text_color=\u00a0\u00bb#000000&Prime; text_font_size=\u00a0\u00bb16px\u00a0\u00bb text_letter_spacing=\u00a0\u00bb15px\u00a0\u00bb text_line_height=\u00a0\u00bb2em\u00a0\u00bb text_font_size_tablet=\u00a0\u00bb\u00a0\u00bb text_font_size_phone=\u00a0\u00bb14px\u00a0\u00bb text_font_size_last_edited=\u00a0\u00bbon|phone\u00a0\u00bb global_colors_info=\u00a0\u00bb{}\u00a0\u00bb]<\/p>\n<p>Reding immobilier<\/p>\n<p>[\/et_pb_text][et_pb_text _builder_version=\u00a0\u00bb4.27.6&Prime; _module_preset=\u00a0\u00bbdefault\u00a0\u00bb text_font=\u00a0\u00bbBlaimim|300||on|||||\u00a0\u00bb text_text_color=\u00a0\u00bb#000000&Prime; text_font_size=\u00a0\u00bb60px\u00a0\u00bb text_line_height=\u00a0\u00bb1.5em\u00a0\u00bb text_font_size_tablet=\u00a0\u00bb\u00a0\u00bb text_font_size_phone=\u00a0\u00bb30px\u00a0\u00bb text_font_size_last_edited=\u00a0\u00bbon|phone\u00a0\u00bb global_colors_info=\u00a0\u00bb{}\u00a0\u00bb]<\/p>\n<p><strong>Location de vacances<\/strong><\/p>\n<p>[\/et_pb_text][\/et_pb_column][et_pb_column type=\u00a0\u00bb1_4&Prime; _builder_version=\u00a0\u00bb4.16&Prime; _module_preset=\u00a0\u00bbdefault\u00a0\u00bb global_colors_info=\u00a0\u00bb{}\u00a0\u00bb][\/et_pb_column][\/et_pb_row][\/et_pb_section][et_pb_section fb_built=\u00a0\u00bb1&Prime; custom_padding_last_edited=\u00a0\u00bbon|phone\u00a0\u00bb admin_label=\u00a0\u00bbAbout Us\u00a0\u00bb _builder_version=\u00a0\u00bb4.16&Prime; background_color=\u00a0\u00bb#f2f2f2&Prime; background_image=\u00a0\u00bbhttps:\/\/www.redingrealestateinvestment.com\/wp-content\/uploads\/2021\/11\/agencias-inmobiliarias-malaga.jpg\u00a0\u00bb custom_padding=\u00a0\u00bb100px|0px|100px|0px|true|false\u00a0\u00bb custom_padding_tablet=\u00a0\u00bb\u00a0\u00bb custom_padding_phone=\u00a0\u00bb30px||30px||true|false\u00a0\u00bb locked=\u00a0\u00bboff\u00a0\u00bb global_colors_info=\u00a0\u00bb{}\u00a0\u00bb][et_pb_row column_structure=\u00a0\u00bb1_2,1_2&Prime; make_equal=\u00a0\u00bbon\u00a0\u00bb _builder_version=\u00a0\u00bb4.27.6&Prime; custom_padding=\u00a0\u00bb||0px|||\u00a0\u00bb global_colors_info=\u00a0\u00bb{}\u00a0\u00bb][et_pb_column type=\u00a0\u00bb1_2&Prime; _builder_version=\u00a0\u00bb4.27.6&Prime; custom_padding=\u00a0\u00bb|||0px|false|false\u00a0\u00bb global_colors_info=\u00a0\u00bb{}\u00a0\u00bb custom_padding__hover=\u00a0\u00bb|||\u00a0\u00bb][et_pb_text _builder_version=\u00a0\u00bb4.27.6&Prime; text_font=\u00a0\u00bb|300|||||||\u00a0\u00bb text_font_size=\u00a0\u00bb20px\u00a0\u00bb link_font=\u00a0\u00bb||||||||\u00a0\u00bb ul_font=\u00a0\u00bb||||||||\u00a0\u00bb header_font=\u00a0\u00bb|300||on|||||\u00a0\u00bb header_font_size=\u00a0\u00bb45px\u00a0\u00bb header_line_height=\u00a0\u00bb1.5em\u00a0\u00bb header_2_font=\u00a0\u00bb|300||on|||||\u00a0\u00bb header_2_font_size=\u00a0\u00bb30px\u00a0\u00bb header_2_line_height=\u00a0\u00bb1.5em\u00a0\u00bb header_3_font=\u00a0\u00bb|300|||||||\u00a0\u00bb header_3_font_size=\u00a0\u00bb25px\u00a0\u00bb header_3_line_height=\u00a0\u00bb1.5em\u00a0\u00bb max_width_tablet=\u00a0\u00bb100%\u00a0\u00bb max_width_phone=\u00a0\u00bb100%\u00a0\u00bb max_width_last_edited=\u00a0\u00bboff|desktop\u00a0\u00bb module_alignment=\u00a0\u00bbright\u00a0\u00bb custom_padding=\u00a0\u00bb|||\u00a0\u00bb custom_padding_tablet=\u00a0\u00bb|||0px\u00a0\u00bb custom_padding_phone=\u00a0\u00bb\u00a0\u00bb custom_padding_last_edited=\u00a0\u00bbon|tablet\u00a0\u00bb header_font_size_tablet=\u00a0\u00bb\u00a0\u00bb header_font_size_phone=\u00a0\u00bb35px\u00a0\u00bb header_font_size_last_edited=\u00a0\u00bbon|phone\u00a0\u00bb header_3_font_size_tablet=\u00a0\u00bb\u00a0\u00bb header_3_font_size_phone=\u00a0\u00bb20px\u00a0\u00bb header_3_font_size_last_edited=\u00a0\u00bbon|phone\u00a0\u00bb global_colors_info=\u00a0\u00bb{}\u00a0\u00bb]<\/p>\n<h1>Appartements touristiques<\/h1>\n<h2>Ciudad de Melilla 3, Malaga<\/h2>\n<p>D\u00e9couvrez ces \u00e9l\u00e9gants appartements touristiques r\u00e9cemment r\u00e9nov\u00e9s, situ\u00e9s \u00e0 Ciudad de Melilla 3, dans l&rsquo;un des quartiers les plus agr\u00e9ables de Malaga. Con\u00e7us dans un style moderne et sophistiqu\u00e9, ces appartements allient des tons beiges et gris, des mat\u00e9riaux de haute qualit\u00e9 et une d\u00e9coration soign\u00e9e pour vous offrir un s\u00e9jour confortable et douillet. <\/p>\n<p>[\/et_pb_text][et_pb_button button_url=\u00a0\u00bb#reservar\u00a0\u00bb button_text=\u00a0\u00bbV\u00e9rifier la disponibilit\u00e9\u00a0\u00bb _builder_version=\u00a0\u00bb4.27.6&Prime; custom_button=\u00a0\u00bbon\u00a0\u00bb button_text_size=\u00a0\u00bb14px\u00a0\u00bb button_text_color=\u00a0\u00bb#757575&Prime; button_border_width=\u00a0\u00bb2px\u00a0\u00bb button_border_color=\u00a0\u00bb#757575&Prime; button_border_radius=\u00a0\u00bb0px\u00a0\u00bb button_letter_spacing=\u00a0\u00bb4px\u00a0\u00bb button_font=\u00a0\u00bb|||on|||||\u00a0\u00bb custom_margin=\u00a0\u00bb|||\u00a0\u00bb custom_padding=\u00a0\u00bb18px||18px|\u00a0\u00bb button_text_size_tablet=\u00a0\u00bb\u00a0\u00bb button_text_size_phone=\u00a0\u00bb11px\u00a0\u00bb button_text_size_last_edited=\u00a0\u00bbon|phone\u00a0\u00bb button_text_color_hover=\u00a0\u00bb#ffffff\u00a0\u00bb button_bg_color_hover=\u00a0\u00bb#c4beb9&Prime; global_colors_info=\u00a0\u00bb{}\u00a0\u00bb button_text_size__hover_enabled=\u00a0\u00bboff\u00a0\u00bb button_one_text_size__hover_enabled=\u00a0\u00bboff\u00a0\u00bb button_two_text_size__hover_enabled=\u00a0\u00bboff\u00a0\u00bb button_text_color__hover_enabled=\u00a0\u00bbon|desktop\u00a0\u00bb button_text_color__hover=\u00a0\u00bb#ffffff\u00a0\u00bb button_one_text_color__hover_enabled=\u00a0\u00bboff\u00a0\u00bb button_two_text_color__hover_enabled=\u00a0\u00bboff\u00a0\u00bb button_border_width__hover_enabled=\u00a0\u00bboff\u00a0\u00bb button_one_border_width__hover_enabled=\u00a0\u00bboff\u00a0\u00bb button_two_border_width__hover_enabled=\u00a0\u00bboff\u00a0\u00bb button_border_color__hover_enabled=\u00a0\u00bboff\u00a0\u00bb button_one_border_color__hover_enabled=\u00a0\u00bboff\u00a0\u00bb button_two_border_color__hover_enabled=\u00a0\u00bboff\u00a0\u00bb button_border_radius__hover_enabled=\u00a0\u00bboff\u00a0\u00bb button_one_border_radius__hover_enabled=\u00a0\u00bboff\u00a0\u00bb button_two_border_radius__hover_enabled=\u00a0\u00bboff\u00a0\u00bb button_letter_spacing__hover_enabled=\u00a0\u00bboff\u00a0\u00bb button_one_letter_spacing__hover_enabled=\u00a0\u00bboff\u00a0\u00bb button_two_letter_spacing__hover_enabled=\u00a0\u00bboff\u00a0\u00bb button_bg_color__hover_enabled=\u00a0\u00bbon|hover\u00a0\u00bb button_bg_color__hover=\u00a0\u00bb#757575&Prime; button_one_bg_color__hover_enabled=\u00a0\u00bboff\u00a0\u00bb button_two_bg_color__hover_enabled=\u00a0\u00bboff\u00a0\u00bb button_bg_enable_color__hover=\u00a0\u00bbon\u00a0\u00bb]&nbsp;<br \/>\n[\/et_pb_button][\/et_pb_column][et_pb_column type=\u00a0\u00bb1_2&Prime; _builder_version=\u00a0\u00bb4.27.6&Prime; background_image=\u00a0\u00bbhttps:\/\/www.redingrealestateinvestment.com\/wp-content\/uploads\/2026\/03\/alquiler-vacacional10.jpg\u00a0\u00bb custom_padding=\u00a0\u00bb|||\u00a0\u00bb global_colors_info=\u00a0\u00bb{}\u00a0\u00bb custom_padding__hover=\u00a0\u00bb|||\u00a0\u00bb][\/et_pb_column][\/et_pb_row][\/et_pb_section][et_pb_section fb_built=\u00a0\u00bb1&Prime; _builder_version=\u00a0\u00bb4.27.6&Prime; _module_preset=\u00a0\u00bbdefault\u00a0\u00bb background_color=\u00a0\u00bbrgba(0,0,0,0.4)\u00a0\u00bb use_background_color_gradient=\u00a0\u00bbon\u00a0\u00bb background_color_gradient_direction=\u00a0\u00bb65deg\u00a0\u00bb background_color_gradient_stops=\u00a0\u00bbrgba(0,0,0,0.7) 34%|rgba(0,0,0,0.2) 100%\u00a0\u00bb background_color_gradient_start=\u00a0\u00bbrgba(0,0,0,0.7)\u00a0\u00bb background_color_gradient_start_position=\u00a0\u00bb34%\u00a0\u00bb background_color_gradient_end=\u00a0\u00bbrgba(0,0,0,0.2)\u00a0\u00bb background_image=\u00a0\u00bbhttps:\/\/www.redingrealestateinvestment.com\/wp-content\/uploads\/2026\/03\/alquiler-vacacional12.jpg\u00a0\u00bb background_blend=\u00a0\u00bbmultiply\u00a0\u00bb custom_padding=\u00a0\u00bb100px||100px||true|\u00a0\u00bb bottom_divider_color=\u00a0\u00bbrgba(255,255,255,0.16)\u00a0\u00bb bottom_divider_height=\u00a0\u00bb145%\u00a0\u00bb locked=\u00a0\u00bboff\u00a0\u00bb global_colors_info=\u00a0\u00bb{}\u00a0\u00bb][et_pb_row column_structure=\u00a0\u00bb2_3,1_3&Prime; _builder_version=\u00a0\u00bb4.16&Prime; _module_preset=\u00a0\u00bbdefault\u00a0\u00bb custom_padding=\u00a0\u00bb||0px|||\u00a0\u00bb global_colors_info=\u00a0\u00bb{}\u00a0\u00bb][et_pb_column type=\u00a0\u00bb2_3&Prime; _builder_version=\u00a0\u00bb4.16&Prime; _module_preset=\u00a0\u00bbdefault\u00a0\u00bb global_colors_info=\u00a0\u00bb{}\u00a0\u00bb][et_pb_text _builder_version=\u00a0\u00bb4.27.6&Prime; text_font=\u00a0\u00bb|300|||||||\u00a0\u00bb text_text_color=\u00a0\u00bb#FFFFFF\u00a0\u00bb text_font_size=\u00a0\u00bb20px\u00a0\u00bb link_font=\u00a0\u00bb||||||||\u00a0\u00bb ul_font=\u00a0\u00bb||||||||\u00a0\u00bb header_font=\u00a0\u00bb|300||on|||||\u00a0\u00bb header_font_size=\u00a0\u00bb45px\u00a0\u00bb header_line_height=\u00a0\u00bb1.5em\u00a0\u00bb header_2_font=\u00a0\u00bb|300||on|||||\u00a0\u00bb header_2_text_color=\u00a0\u00bb#FFFFFF\u00a0\u00bb header_2_font_size=\u00a0\u00bb45px\u00a0\u00bb header_2_line_height=\u00a0\u00bb1.5em\u00a0\u00bb header_3_font=\u00a0\u00bb|300|||||||\u00a0\u00bb header_3_font_size=\u00a0\u00bb25px\u00a0\u00bb header_3_line_height=\u00a0\u00bb1.5em\u00a0\u00bb max_width_tablet=\u00a0\u00bb100%\u00a0\u00bb max_width_phone=\u00a0\u00bb100%\u00a0\u00bb max_width_last_edited=\u00a0\u00bboff|desktop\u00a0\u00bb module_alignment=\u00a0\u00bbright\u00a0\u00bb custom_padding=\u00a0\u00bb|||\u00a0\u00bb custom_padding_tablet=\u00a0\u00bb|||0px\u00a0\u00bb custom_padding_phone=\u00a0\u00bb\u00a0\u00bb custom_padding_last_edited=\u00a0\u00bbon|tablet\u00a0\u00bb header_font_size_tablet=\u00a0\u00bb\u00a0\u00bb header_font_size_phone=\u00a0\u00bb35px\u00a0\u00bb header_font_size_last_edited=\u00a0\u00bbon|phone\u00a0\u00bb header_3_font_size_tablet=\u00a0\u00bb\u00a0\u00bb header_3_font_size_phone=\u00a0\u00bb20px\u00a0\u00bb header_3_font_size_last_edited=\u00a0\u00bbon|phone\u00a0\u00bb global_colors_info=\u00a0\u00bb{}\u00a0\u00bb]<\/p>\n<h2>Des espaces pour votre confort<\/h2>\n<p>Les appartements d\u00b4une <wbr><\/wbr><strong>superficie d\u00b4environ 40 m\u00b2,<\/strong> <wbr><\/wbr>parfaitement am\u00e9nag\u00e9s <wbr><\/wbr>pour offrir un espace <wbr><\/wbr>fonctionnel et confortable. <wbr><\/wbr>Ils comprennent un coin nuit <wbr><\/wbr>avec un gran lit <wbr><\/wbr>une coin salon accueillant <strong><wbr><\/wbr>et une cuisine enti\u00e8rement \u00e9quip\u00e9e<\/strong> <wbr><\/wbr>avec d\u00b4appareils \u00e9lectromenagers modernes <wbr><\/wbr>id\u00e9ale aussi bien pour les cortes s\u00e9jours <wbr><\/wbr>que pout les <wbr><\/wbr>voyages de plusieurs jours.<\/p>\n<p>Chaque appartement comprend  <wbr><\/wbr>\u00e9galement une <strong>salle de bain priv\u00e9e compl\u00e8te<\/strong>,  <wbr><\/wbr>finitions haut de gamme et tous les  <wbr><\/wbr>les confort n\u00e9cessaires pour <wbr><\/wbr>que vous vous sentiez comme chez vous : <wbr><\/wbr>climatisation, \u00e9clairage chaleureux <wbr><\/wbr>mobilier design <wbr><\/wbr>et espaces con\u00e7us pour vous <wbr><\/wbr>d\u00e9tendre apr\u00e8s une journ\u00e9e <wbr><\/wbr>pass\u00e9e \u00e1 profiter de la ville.<\/p>\n<p>[\/et_pb_text][\/et_pb_column][et_pb_column type=\u00a0\u00bb1_3&Prime; _builder_version=\u00a0\u00bb4.16&Prime; _module_preset=\u00a0\u00bbdefault\u00a0\u00bb global_colors_info=\u00a0\u00bb{}\u00a0\u00bb][\/et_pb_column][\/et_pb_row][\/et_pb_section][et_pb_section fb_built=\u00a0\u00bb1&Prime; custom_padding_last_edited=\u00a0\u00bbon|phone\u00a0\u00bb admin_label=\u00a0\u00bbAbout Us\u00a0\u00bb _builder_version=\u00a0\u00bb4.16&Prime; background_color=\u00a0\u00bb#f2f2f2&Prime; background_image=\u00a0\u00bbhttps:\/\/www.redingrealestateinvestment.com\/wp-content\/uploads\/2021\/11\/agencias-inmobiliarias-malaga.jpg\u00a0\u00bb custom_padding=\u00a0\u00bb100px|0px|100px|0px|true|false\u00a0\u00bb custom_padding_tablet=\u00a0\u00bb\u00a0\u00bb custom_padding_phone=\u00a0\u00bb30px||30px||true|false\u00a0\u00bb locked=\u00a0\u00bboff\u00a0\u00bb global_colors_info=\u00a0\u00bb{}\u00a0\u00bb][et_pb_row column_structure=\u00a0\u00bb1_2,1_2&Prime; make_equal=\u00a0\u00bbon\u00a0\u00bb _builder_version=\u00a0\u00bb4.27.6&Prime; custom_padding=\u00a0\u00bb||0px|||\u00a0\u00bb global_colors_info=\u00a0\u00bb{}\u00a0\u00bb][et_pb_column type=\u00a0\u00bb1_2&Prime; _builder_version=\u00a0\u00bb4.27.6&Prime; custom_padding=\u00a0\u00bb|||0px|false|false\u00a0\u00bb global_colors_info=\u00a0\u00bb{}\u00a0\u00bb custom_padding__hover=\u00a0\u00bb|||\u00a0\u00bb][et_pb_text _builder_version=\u00a0\u00bb4.19.4&Prime; text_font=\u00a0\u00bb|300|||||||\u00a0\u00bb text_font_size=\u00a0\u00bb20px\u00a0\u00bb link_font=\u00a0\u00bb||||||||\u00a0\u00bb ul_font=\u00a0\u00bb||||||||\u00a0\u00bb header_font=\u00a0\u00bb|300||on|||||\u00a0\u00bb header_font_size=\u00a0\u00bb45px\u00a0\u00bb header_line_height=\u00a0\u00bb1.5em\u00a0\u00bb header_2_font=\u00a0\u00bb|300||on|||||\u00a0\u00bb header_2_font_size=\u00a0\u00bb30px\u00a0\u00bb header_2_line_height=\u00a0\u00bb1.5em\u00a0\u00bb header_3_font=\u00a0\u00bb|300|||||||\u00a0\u00bb header_3_font_size=\u00a0\u00bb25px\u00a0\u00bb header_3_line_height=\u00a0\u00bb1.5em\u00a0\u00bb max_width_tablet=\u00a0\u00bb100%\u00a0\u00bb max_width_phone=\u00a0\u00bb100%\u00a0\u00bb max_width_last_edited=\u00a0\u00bboff|desktop\u00a0\u00bb module_alignment=\u00a0\u00bbright\u00a0\u00bb custom_padding=\u00a0\u00bb|||\u00a0\u00bb custom_padding_tablet=\u00a0\u00bb|||0px\u00a0\u00bb custom_padding_phone=\u00a0\u00bb\u00a0\u00bb custom_padding_last_edited=\u00a0\u00bbon|tablet\u00a0\u00bb header_font_size_tablet=\u00a0\u00bb\u00a0\u00bb header_font_size_phone=\u00a0\u00bb35px\u00a0\u00bb header_font_size_last_edited=\u00a0\u00bbon|phone\u00a0\u00bb header_3_font_size_tablet=\u00a0\u00bb\u00a0\u00bb header_3_font_size_phone=\u00a0\u00bb20px\u00a0\u00bb header_3_font_size_last_edited=\u00a0\u00bbon|phone\u00a0\u00bb global_colors_info=\u00a0\u00bb{}\u00a0\u00bb]<\/p>\n<h1>Une situation privil\u00e9gi\u00e9e<\/h1>\n<p style=\"text-align: left;\">Son emplacement est l&rsquo;un de ses principaux atouts. \u00c0 quelques minutes se trouve le c\u00e9l\u00e8bre Muelle Uno, l&rsquo;un des quartiers les plus anim\u00e9s du port de Malaga, o\u00f9 vous pourrez vous promener au bord de la mer, fl\u00e2ner dans les boutiques, profiter des terrasses et d\u00e9couvrir une offre gastronomique vari\u00e9e. Tout pr\u00e8s se trouve \u00e9galement le c\u00e9l\u00e8bre restaurant Trocadero Casa de Botes, un lieu embl\u00e9matique o\u00f9 d\u00e9guster une cuisine m\u00e9diterran\u00e9enne face \u00e0 la mer.  <\/p>\n<p>[\/et_pb_text][et_pb_button button_url=\u00a0\u00bb#reservar\u00a0\u00bb button_text=\u00a0\u00bbV\u00e9rifier la disponibilit\u00e9\u00a0\u00bb _builder_version=\u00a0\u00bb4.27.6&Prime; custom_button=\u00a0\u00bbon\u00a0\u00bb button_text_size=\u00a0\u00bb14px\u00a0\u00bb button_text_color=\u00a0\u00bb#757575&Prime; button_border_width=\u00a0\u00bb2px\u00a0\u00bb button_border_color=\u00a0\u00bb#757575&Prime; button_border_radius=\u00a0\u00bb0px\u00a0\u00bb button_letter_spacing=\u00a0\u00bb4px\u00a0\u00bb button_font=\u00a0\u00bb|||on|||||\u00a0\u00bb custom_margin=\u00a0\u00bb|||\u00a0\u00bb custom_padding=\u00a0\u00bb18px||18px|\u00a0\u00bb button_text_size_tablet=\u00a0\u00bb\u00a0\u00bb button_text_size_phone=\u00a0\u00bb11px\u00a0\u00bb button_text_size_last_edited=\u00a0\u00bbon|phone\u00a0\u00bb button_text_color_hover=\u00a0\u00bb#ffffff\u00a0\u00bb button_bg_color_hover=\u00a0\u00bb#c4beb9&Prime; global_colors_info=\u00a0\u00bb{}\u00a0\u00bb button_text_size__hover_enabled=\u00a0\u00bboff\u00a0\u00bb button_one_text_size__hover_enabled=\u00a0\u00bboff\u00a0\u00bb button_two_text_size__hover_enabled=\u00a0\u00bboff\u00a0\u00bb button_text_color__hover_enabled=\u00a0\u00bbon|desktop\u00a0\u00bb button_text_color__hover=\u00a0\u00bb#ffffff\u00a0\u00bb button_one_text_color__hover_enabled=\u00a0\u00bboff\u00a0\u00bb button_two_text_color__hover_enabled=\u00a0\u00bboff\u00a0\u00bb button_border_width__hover_enabled=\u00a0\u00bboff\u00a0\u00bb button_one_border_width__hover_enabled=\u00a0\u00bboff\u00a0\u00bb button_two_border_width__hover_enabled=\u00a0\u00bboff\u00a0\u00bb button_border_color__hover_enabled=\u00a0\u00bboff\u00a0\u00bb button_one_border_color__hover_enabled=\u00a0\u00bboff\u00a0\u00bb button_two_border_color__hover_enabled=\u00a0\u00bboff\u00a0\u00bb button_border_radius__hover_enabled=\u00a0\u00bboff\u00a0\u00bb button_one_border_radius__hover_enabled=\u00a0\u00bboff\u00a0\u00bb button_two_border_radius__hover_enabled=\u00a0\u00bboff\u00a0\u00bb button_letter_spacing__hover_enabled=\u00a0\u00bboff\u00a0\u00bb button_one_letter_spacing__hover_enabled=\u00a0\u00bboff\u00a0\u00bb button_two_letter_spacing__hover_enabled=\u00a0\u00bboff\u00a0\u00bb button_bg_color__hover_enabled=\u00a0\u00bbon|hover\u00a0\u00bb button_bg_color__hover=\u00a0\u00bb#757575&Prime; button_one_bg_color__hover_enabled=\u00a0\u00bboff\u00a0\u00bb button_two_bg_color__hover_enabled=\u00a0\u00bboff\u00a0\u00bb button_bg_enable_color__hover=\u00a0\u00bbon\u00a0\u00bb]&nbsp;<br \/>\n[\/et_pb_button][\/et_pb_column][et_pb_column type=\u00a0\u00bb1_2&Prime; _builder_version=\u00a0\u00bb4.27.6&Prime; background_image=\u00a0\u00bbhttps:\/\/www.redingrealestateinvestment.com\/wp-content\/uploads\/2026\/03\/alquiler-vacacional14.jpg\u00a0\u00bb custom_padding=\u00a0\u00bb|||\u00a0\u00bb global_colors_info=\u00a0\u00bb{}\u00a0\u00bb custom_padding__hover=\u00a0\u00bb|||\u00a0\u00bb][\/et_pb_column][\/et_pb_row][et_pb_row column_structure=\u00a0\u00bb1_2,1_2&Prime; make_equal=\u00a0\u00bbon\u00a0\u00bb _builder_version=\u00a0\u00bb4.27.6&Prime; custom_margin=\u00a0\u00bb100px||||false|false\u00a0\u00bb custom_padding=\u00a0\u00bb20px||0px|||\u00a0\u00bb global_colors_info=\u00a0\u00bb{}\u00a0\u00bb][et_pb_column type=\u00a0\u00bb1_2&Prime; _builder_version=\u00a0\u00bb4.27.6&Prime; background_image=\u00a0\u00bbhttps:\/\/www.redingrealestateinvestment.com\/wp-content\/uploads\/2026\/03\/alquiler-vacacional9.jpg\u00a0\u00bb custom_padding=\u00a0\u00bb|||6%\u00a0\u00bb global_colors_info=\u00a0\u00bb{}\u00a0\u00bb custom_padding__hover=\u00a0\u00bb|||\u00a0\u00bb][\/et_pb_column][et_pb_column type=\u00a0\u00bb1_2&Prime; _builder_version=\u00a0\u00bb4.27.6&Prime; custom_padding=\u00a0\u00bb|||0px|false|false\u00a0\u00bb global_colors_info=\u00a0\u00bb{}\u00a0\u00bb custom_padding__hover=\u00a0\u00bb|||\u00a0\u00bb][et_pb_text _builder_version=\u00a0\u00bb4.19.4&Prime; text_font=\u00a0\u00bb|300|||||||\u00a0\u00bb text_font_size=\u00a0\u00bb20px\u00a0\u00bb link_font=\u00a0\u00bb||||||||\u00a0\u00bb ul_font=\u00a0\u00bb||||||||\u00a0\u00bb header_font=\u00a0\u00bb|300||on|||||\u00a0\u00bb header_font_size=\u00a0\u00bb45px\u00a0\u00bb header_line_height=\u00a0\u00bb1.5em\u00a0\u00bb header_2_font=\u00a0\u00bb|300||on|||||\u00a0\u00bb header_2_font_size=\u00a0\u00bb30px\u00a0\u00bb header_2_line_height=\u00a0\u00bb1.5em\u00a0\u00bb header_3_font=\u00a0\u00bb|300|||||||\u00a0\u00bb header_3_font_size=\u00a0\u00bb25px\u00a0\u00bb header_3_line_height=\u00a0\u00bb1.5em\u00a0\u00bb max_width_tablet=\u00a0\u00bb100%\u00a0\u00bb max_width_phone=\u00a0\u00bb100%\u00a0\u00bb max_width_last_edited=\u00a0\u00bboff|desktop\u00a0\u00bb module_alignment=\u00a0\u00bbright\u00a0\u00bb custom_padding=\u00a0\u00bb|||\u00a0\u00bb custom_padding_tablet=\u00a0\u00bb|||0px\u00a0\u00bb custom_padding_phone=\u00a0\u00bb\u00a0\u00bb custom_padding_last_edited=\u00a0\u00bbon|tablet\u00a0\u00bb header_font_size_tablet=\u00a0\u00bb\u00a0\u00bb header_font_size_phone=\u00a0\u00bb35px\u00a0\u00bb header_font_size_last_edited=\u00a0\u00bbon|phone\u00a0\u00bb header_3_font_size_tablet=\u00a0\u00bb\u00a0\u00bb header_3_font_size_phone=\u00a0\u00bb20px\u00a0\u00bb header_3_font_size_last_edited=\u00a0\u00bbon|phone\u00a0\u00bb global_colors_info=\u00a0\u00bb{}\u00a0\u00bb]<\/p>\n<p>De plus, les appartements sont situ\u00e9s \u00e0 proximit\u00e9 du port de Malaga, o\u00f9 se trouve le terminal de croisi\u00e8re, un point d&rsquo;arriv\u00e9e pour les visiteurs du monde entier. Des bateaux touristiques et des excursions maritimes partent \u00e9galement de cette zone, id\u00e9ale pour d\u00e9couvrir la c\u00f4te de Malaga depuis la mer. <\/p>\n<p>La proximit\u00e9 de la plage de Malagueta, de la promenade, des restaurants, des bars de plage et des principales attractions culturelles de la ville font de ces appartements une option parfaite pour ceux qui souhaitent profiter de Malaga dans le confort et le style.<\/p>\n<p>[\/et_pb_text][\/et_pb_column][\/et_pb_row][\/et_pb_section][et_pb_section fb_built=\u00a0\u00bb1&Prime; _builder_version=\u00a0\u00bb4.27.6&Prime; _module_preset=\u00a0\u00bbdefault\u00a0\u00bb background_image=\u00a0\u00bbhttps:\/\/www.redingrealestateinvestment.com\/wp-content\/uploads\/2026\/03\/alquiler-vacacional13.jpg\u00a0\u00bb custom_padding=\u00a0\u00bb50px||50px||true|false\u00a0\u00bb locked=\u00a0\u00bboff\u00a0\u00bb global_colors_info=\u00a0\u00bb{}\u00a0\u00bb][et_pb_row _builder_version=\u00a0\u00bb4.16&Prime; _module_preset=\u00a0\u00bbdefault\u00a0\u00bb global_colors_info=\u00a0\u00bb{}\u00a0\u00bb][et_pb_column type=\u00a0\u00bb4_4&Prime; _builder_version=\u00a0\u00bb4.16&Prime; _module_preset=\u00a0\u00bbdefault\u00a0\u00bb global_colors_info=\u00a0\u00bb{}\u00a0\u00bb][et_pb_text _builder_version=\u00a0\u00bb4.16&Prime; _module_preset=\u00a0\u00bbdefault\u00a0\u00bb text_font=\u00a0\u00bb|300|||||||\u00a0\u00bb text_text_color=\u00a0\u00bb#FFFFFF\u00a0\u00bb text_font_size=\u00a0\u00bb45px\u00a0\u00bb text_line_height=\u00a0\u00bb1.3em\u00a0\u00bb background_enable_color=\u00a0\u00bboff\u00a0\u00bb custom_padding=\u00a0\u00bb2%||2%||false|false\u00a0\u00bb text_font_size_tablet=\u00a0\u00bb45px\u00a0\u00bb text_font_size_phone=\u00a0\u00bb30px\u00a0\u00bb text_font_size_last_edited=\u00a0\u00bbon|phone\u00a0\u00bb text_text_shadow_style=\u00a0\u00bbpreset1&Prime; global_colors_info=\u00a0\u00bb{}\u00a0\u00bb]<\/p>\n<p style=\"text-align: center;\">Un h\u00e9bergement moderne, confortable et parfaitement situ\u00e9 pour d\u00e9couvrir la ville, la mer et l&rsquo;atmosph\u00e8re unique du port de Malaga.<\/p>\n<p>[\/et_pb_text][\/et_pb_column][\/et_pb_row][\/et_pb_section][et_pb_section fb_built=\u00a0\u00bb1&Prime; custom_padding_last_edited=\u00a0\u00bbon|phone\u00a0\u00bb admin_label=\u00a0\u00bbShop\u00a0\u00bb _builder_version=\u00a0\u00bb4.16&Prime; background_color=\u00a0\u00bb#f2f2f2&Prime; background_image=\u00a0\u00bbhttps:\/\/www.redingrealestateinvestment.com\/wp-content\/uploads\/2021\/11\/agencias-inmobiliarias-malaga.jpg\u00a0\u00bb background_size=\u00a0\u00bbinitial\u00a0\u00bb background_position=\u00a0\u00bbbottom_center\u00a0\u00bb background_repeat=\u00a0\u00bbrepeat\u00a0\u00bb custom_padding=\u00a0\u00bb100px||0px||false|\u00a0\u00bb custom_padding_tablet=\u00a0\u00bb\u00a0\u00bb custom_padding_phone=\u00a0\u00bb30px||30px||true|false\u00a0\u00bb top_divider_color=\u00a0\u00bbrgba(255,255,255,0.6)\u00a0\u00bb top_divider_height=\u00a0\u00bb800px\u00a0\u00bb top_divider_repeat=\u00a0\u00bb2x\u00a0\u00bb bottom_divider_color=\u00a0\u00bbrgba(255,255,255,0.61)\u00a0\u00bb bottom_divider_height=\u00a0\u00bb600px\u00a0\u00bb bottom_divider_repeat=\u00a0\u00bb2x\u00a0\u00bb locked=\u00a0\u00bboff\u00a0\u00bb global_colors_info=\u00a0\u00bb{}\u00a0\u00bb][et_pb_row _builder_version=\u00a0\u00bb4.16&Prime; custom_padding=\u00a0\u00bb1px||0px|||\u00a0\u00bb global_colors_info=\u00a0\u00bb{}\u00a0\u00bb][et_pb_column type=\u00a0\u00bb4_4&Prime; _builder_version=\u00a0\u00bb4.16&Prime; custom_padding=\u00a0\u00bb|||\u00a0\u00bb global_colors_info=\u00a0\u00bb{}\u00a0\u00bb custom_padding__hover=\u00a0\u00bb|||\u00a0\u00bb][et_pb_text _builder_version=\u00a0\u00bb4.19.4&Prime; text_font=\u00a0\u00bbCormorant Garamond||||||||\u00a0\u00bb text_font_size=\u00a0\u00bb20px\u00a0\u00bb link_font=\u00a0\u00bb||||||||\u00a0\u00bb ul_font=\u00a0\u00bb||||||||\u00a0\u00bb header_font=\u00a0\u00bb||||||||\u00a0\u00bb header_2_font=\u00a0\u00bb|300||on|||||\u00a0\u00bb header_2_font_size=\u00a0\u00bb45px\u00a0\u00bb header_2_line_height=\u00a0\u00bb1.5em\u00a0\u00bb header_3_font=\u00a0\u00bb||||||||\u00a0\u00bb header_3_font_size=\u00a0\u00bb45px\u00a0\u00bb header_3_line_height=\u00a0\u00bb1.5em\u00a0\u00bb header_4_font=\u00a0\u00bb||||||||\u00a0\u00bb header_5_font=\u00a0\u00bbPoppins|700||on|||||\u00a0\u00bb header_5_text_color=\u00a0\u00bb#ecd5c5&Prime; header_5_letter_spacing=\u00a0\u00bb15px\u00a0\u00bb header_5_line_height=\u00a0\u00bb1.8em\u00a0\u00bb text_orientation=\u00a0\u00bbcenter\u00a0\u00bb max_width_tablet=\u00a0\u00bb100%\u00a0\u00bb max_width_phone=\u00a0\u00bb100%\u00a0\u00bb max_width_last_edited=\u00a0\u00bboff|desktop\u00a0\u00bb module_alignment=\u00a0\u00bbright\u00a0\u00bb header_2_font_size_tablet=\u00a0\u00bb\u00a0\u00bb header_2_font_size_phone=\u00a0\u00bb30px\u00a0\u00bb header_2_font_size_last_edited=\u00a0\u00bbon|phone\u00a0\u00bb locked=\u00a0\u00bboff\u00a0\u00bb global_colors_info=\u00a0\u00bb{}\u00a0\u00bb]<\/p>\n<h2>V\u00e9rifier la disponibilit\u00e9<\/h2>\n<p>[\/et_pb_text][et_pb_text module_id=\u00a0\u00bbreservar\u00a0\u00bb _builder_version=\u00a0\u00bb4.27.6&Prime; _module_preset=\u00a0\u00bbdefault\u00a0\u00bb global_colors_info=\u00a0\u00bb{}\u00a0\u00bb]<\/p>\n<style>\n       .errordiv { padding:10px; margin:10px; border: 1px solid #555555;color: #000000;background-color: #f8f8f8; width:500px; }#advanced_iframe {visibility:visible;opacity:1;vertical-align:top;}.ai-info-bottom-iframe { position: fixed; z-index: 10000; bottom:0; left: 0; margin: 0px; text-align: center; width: 100%; background-color: #ff9999; padding-left: 5px;padding-bottom: 5px; border-top: 1px solid #aaa } a.ai-bold {font-weight: bold;}#ai-layer-div-advanced_iframe p {height:100%;margin:0;padding:0}<\/style><script type=\"text\/javascript\">var ai_iframe_width_advanced_iframe = 0;var ai_iframe_height_advanced_iframe = 0;var aiOnloadScrollTop=\"true\";var aiShowDebug=false;\n\t\tif (typeof aiReadyCallbacks === 'undefined') {\n\t\t\tvar aiReadyCallbacks = [];\n\t\t} else if (!(aiReadyCallbacks instanceof Array)) {\n\t\t\tvar aiReadyCallbacks = [];\n\t\t}    function aiShowIframeId(id_iframe) { jQuery(\"#\"+id_iframe).css(\"visibility\", \"visible\");    }    function aiResizeIframeHeight(height) { aiResizeIframeHeight(height,advanced_iframe); }    function aiResizeIframeHeightId(height,width,id) {aiResizeIframeHeightById(id,height);}<\/script><iframe id=\"advanced_iframe\"  name=\"advanced_iframe\"  src=\"https:\/\/bookonline.pro\/es\/properties\/102034?iframe=1\"  width=\"100%\"  height=\"900\"  frameborder=\"0\"  border=\"0\"  allowtransparency=\"true\"  loading=\"lazy\"  style=\";border-width: 0px;;border: none;;width:100%;;height:900px;\" ><\/iframe><script type=\"text\/javascript\">var ifrm_advanced_iframe = document.getElementById(\"advanced_iframe\");var hiddenTabsDoneadvanced_iframe = false;\nfunction resizeCallbackadvanced_iframe() {}<\/script><script type=\"text\/javascript\"><\/script>\n<p>[\/et_pb_text][\/et_pb_column][\/et_pb_row][\/et_pb_section]<\/p>\n","protected":false},"excerpt":{"rendered":"<p>Reding immobilierLocation de vacancesAppartements touristiques Ciudad de Melilla 3, Malaga D\u00e9couvrez ces \u00e9l\u00e9gants appartements touristiques r\u00e9cemment r\u00e9nov\u00e9s, situ\u00e9s \u00e0 Ciudad de Melilla 3, dans l&rsquo;un des quartiers les plus agr\u00e9ables de Malaga. Con\u00e7us dans un style moderne et sophistiqu\u00e9, ces appartements allient des tons beiges et gris, des mat\u00e9riaux de haute qualit\u00e9 et une d\u00e9coration [&hellip;]<\/p>\n","protected":false},"author":2,"featured_media":14212,"parent":0,"menu_order":0,"comment_status":"closed","ping_status":"closed","template":"","meta":{"_et_pb_use_builder":"on","_et_pb_old_content":"","_et_gb_content_width":"","footnotes":""},"class_list":["post-14213","page","type-page","status-publish","has-post-thumbnail","hentry"],"yoast_head":"<!-- This site is optimized with the Yoast SEO plugin v27.5 - https:\/\/yoast.com\/product\/yoast-seo-wordpress\/ -->\n<title>Location de vacances - Reding investment<\/title>\n<meta name=\"description\" content=\"Appartements de luxe \u00e0 louer pour les vacances \u00e0 Malaga, studios modernes sur le front de mer de La Malagueta.\" \/>\n<meta name=\"robots\" content=\"index, follow, max-snippet:-1, max-image-preview:large, max-video-preview:-1\" \/>\n<link rel=\"canonical\" href=\"https:\/\/www.redingrealestateinvestment.com\/fr\/location-de-vacances\/\" \/>\n<meta property=\"og:locale\" content=\"fr_FR\" \/>\n<meta property=\"og:type\" content=\"article\" \/>\n<meta property=\"og:title\" content=\"Location de vacances - Reding investment\" \/>\n<meta property=\"og:description\" content=\"Appartements de luxe \u00e0 louer pour les vacances \u00e0 Malaga, studios modernes sur le front de mer de La Malagueta.\" \/>\n<meta property=\"og:url\" content=\"https:\/\/www.redingrealestateinvestment.com\/fr\/location-de-vacances\/\" \/>\n<meta property=\"og:site_name\" content=\"Reding investment\" \/>\n<meta property=\"article:modified_time\" content=\"2026-03-18T11:15:04+00:00\" \/>\n<meta property=\"og:image\" content=\"https:\/\/www.redingrealestateinvestment.com\/wp-content\/uploads\/2026\/03\/alquiler-vacacional11.jpg\" \/>\n\t<meta property=\"og:image:width\" content=\"1920\" \/>\n\t<meta property=\"og:image:height\" content=\"1269\" \/>\n\t<meta property=\"og:image:type\" content=\"image\/jpeg\" \/>\n<meta name=\"twitter:card\" content=\"summary_large_image\" \/>\n<meta name=\"twitter:label1\" content=\"Dur\u00e9e de lecture estim\u00e9e\" \/>\n\t<meta name=\"twitter:data1\" content=\"12 minutes\" \/>\n<script type=\"application\/ld+json\" class=\"yoast-schema-graph\">{\"@context\":\"https:\\\/\\\/schema.org\",\"@graph\":[{\"@type\":\"WebPage\",\"@id\":\"https:\\\/\\\/www.redingrealestateinvestment.com\\\/fr\\\/location-de-vacances\\\/\",\"url\":\"https:\\\/\\\/www.redingrealestateinvestment.com\\\/fr\\\/location-de-vacances\\\/\",\"name\":\"Location de vacances - Reding investment\",\"isPartOf\":{\"@id\":\"https:\\\/\\\/www.redingrealestateinvestment.com\\\/#website\"},\"primaryImageOfPage\":{\"@id\":\"https:\\\/\\\/www.redingrealestateinvestment.com\\\/fr\\\/location-de-vacances\\\/#primaryimage\"},\"image\":{\"@id\":\"https:\\\/\\\/www.redingrealestateinvestment.com\\\/fr\\\/location-de-vacances\\\/#primaryimage\"},\"thumbnailUrl\":\"https:\\\/\\\/www.redingrealestateinvestment.com\\\/wp-content\\\/uploads\\\/2026\\\/03\\\/alquiler-vacacional11.jpg\",\"datePublished\":\"2026-03-18T10:48:54+00:00\",\"dateModified\":\"2026-03-18T11:15:04+00:00\",\"description\":\"Appartements de luxe \u00e0 louer pour les vacances \u00e0 Malaga, studios modernes sur le front de mer de La Malagueta.\",\"breadcrumb\":{\"@id\":\"https:\\\/\\\/www.redingrealestateinvestment.com\\\/fr\\\/location-de-vacances\\\/#breadcrumb\"},\"inLanguage\":\"fr-FR\",\"potentialAction\":[{\"@type\":\"ReadAction\",\"target\":[\"https:\\\/\\\/www.redingrealestateinvestment.com\\\/fr\\\/location-de-vacances\\\/\"]}]},{\"@type\":\"ImageObject\",\"inLanguage\":\"fr-FR\",\"@id\":\"https:\\\/\\\/www.redingrealestateinvestment.com\\\/fr\\\/location-de-vacances\\\/#primaryimage\",\"url\":\"https:\\\/\\\/www.redingrealestateinvestment.com\\\/wp-content\\\/uploads\\\/2026\\\/03\\\/alquiler-vacacional11.jpg\",\"contentUrl\":\"https:\\\/\\\/www.redingrealestateinvestment.com\\\/wp-content\\\/uploads\\\/2026\\\/03\\\/alquiler-vacacional11.jpg\",\"width\":1920,\"height\":1269},{\"@type\":\"BreadcrumbList\",\"@id\":\"https:\\\/\\\/www.redingrealestateinvestment.com\\\/fr\\\/location-de-vacances\\\/#breadcrumb\",\"itemListElement\":[{\"@type\":\"ListItem\",\"position\":1,\"name\":\"Portada\",\"item\":\"https:\\\/\\\/www.redingrealestateinvestment.com\\\/\"},{\"@type\":\"ListItem\",\"position\":2,\"name\":\"Location de vacances\"}]},{\"@type\":\"WebSite\",\"@id\":\"https:\\\/\\\/www.redingrealestateinvestment.com\\\/#website\",\"url\":\"https:\\\/\\\/www.redingrealestateinvestment.com\\\/\",\"name\":\"Reding investment\",\"description\":\"Propiedades M\u00e1laga Marbella | Reding Real Estate | Espa\u00f1a\",\"potentialAction\":[{\"@type\":\"SearchAction\",\"target\":{\"@type\":\"EntryPoint\",\"urlTemplate\":\"https:\\\/\\\/www.redingrealestateinvestment.com\\\/?s={search_term_string}\"},\"query-input\":{\"@type\":\"PropertyValueSpecification\",\"valueRequired\":true,\"valueName\":\"search_term_string\"}}],\"inLanguage\":\"fr-FR\"}]}<\/script>\n<!-- \/ Yoast SEO plugin. -->","yoast_head_json":{"title":"Location de vacances - Reding investment","description":"Appartements de luxe \u00e0 louer pour les vacances \u00e0 Malaga, studios modernes sur le front de mer de La Malagueta.","robots":{"index":"index","follow":"follow","max-snippet":"max-snippet:-1","max-image-preview":"max-image-preview:large","max-video-preview":"max-video-preview:-1"},"canonical":"https:\/\/www.redingrealestateinvestment.com\/fr\/location-de-vacances\/","og_locale":"fr_FR","og_type":"article","og_title":"Location de vacances - Reding investment","og_description":"Appartements de luxe \u00e0 louer pour les vacances \u00e0 Malaga, studios modernes sur le front de mer de La Malagueta.","og_url":"https:\/\/www.redingrealestateinvestment.com\/fr\/location-de-vacances\/","og_site_name":"Reding investment","article_modified_time":"2026-03-18T11:15:04+00:00","og_image":[{"width":1920,"height":1269,"url":"https:\/\/www.redingrealestateinvestment.com\/wp-content\/uploads\/2026\/03\/alquiler-vacacional11.jpg","type":"image\/jpeg"}],"twitter_card":"summary_large_image","twitter_misc":{"Dur\u00e9e de lecture estim\u00e9e":"12 minutes"},"schema":{"@context":"https:\/\/schema.org","@graph":[{"@type":"WebPage","@id":"https:\/\/www.redingrealestateinvestment.com\/fr\/location-de-vacances\/","url":"https:\/\/www.redingrealestateinvestment.com\/fr\/location-de-vacances\/","name":"Location de vacances - Reding investment","isPartOf":{"@id":"https:\/\/www.redingrealestateinvestment.com\/#website"},"primaryImageOfPage":{"@id":"https:\/\/www.redingrealestateinvestment.com\/fr\/location-de-vacances\/#primaryimage"},"image":{"@id":"https:\/\/www.redingrealestateinvestment.com\/fr\/location-de-vacances\/#primaryimage"},"thumbnailUrl":"https:\/\/www.redingrealestateinvestment.com\/wp-content\/uploads\/2026\/03\/alquiler-vacacional11.jpg","datePublished":"2026-03-18T10:48:54+00:00","dateModified":"2026-03-18T11:15:04+00:00","description":"Appartements de luxe \u00e0 louer pour les vacances \u00e0 Malaga, studios modernes sur le front de mer de La Malagueta.","breadcrumb":{"@id":"https:\/\/www.redingrealestateinvestment.com\/fr\/location-de-vacances\/#breadcrumb"},"inLanguage":"fr-FR","potentialAction":[{"@type":"ReadAction","target":["https:\/\/www.redingrealestateinvestment.com\/fr\/location-de-vacances\/"]}]},{"@type":"ImageObject","inLanguage":"fr-FR","@id":"https:\/\/www.redingrealestateinvestment.com\/fr\/location-de-vacances\/#primaryimage","url":"https:\/\/www.redingrealestateinvestment.com\/wp-content\/uploads\/2026\/03\/alquiler-vacacional11.jpg","contentUrl":"https:\/\/www.redingrealestateinvestment.com\/wp-content\/uploads\/2026\/03\/alquiler-vacacional11.jpg","width":1920,"height":1269},{"@type":"BreadcrumbList","@id":"https:\/\/www.redingrealestateinvestment.com\/fr\/location-de-vacances\/#breadcrumb","itemListElement":[{"@type":"ListItem","position":1,"name":"Portada","item":"https:\/\/www.redingrealestateinvestment.com\/"},{"@type":"ListItem","position":2,"name":"Location de vacances"}]},{"@type":"WebSite","@id":"https:\/\/www.redingrealestateinvestment.com\/#website","url":"https:\/\/www.redingrealestateinvestment.com\/","name":"Reding investment","description":"Propiedades M\u00e1laga Marbella | Reding Real Estate | Espa\u00f1a","potentialAction":[{"@type":"SearchAction","target":{"@type":"EntryPoint","urlTemplate":"https:\/\/www.redingrealestateinvestment.com\/?s={search_term_string}"},"query-input":{"@type":"PropertyValueSpecification","valueRequired":true,"valueName":"search_term_string"}}],"inLanguage":"fr-FR"}]}},"_links":{"self":[{"href":"https:\/\/www.redingrealestateinvestment.com\/fr\/wp-json\/wp\/v2\/pages\/14213","targetHints":{"allow":["GET"]}}],"collection":[{"href":"https:\/\/www.redingrealestateinvestment.com\/fr\/wp-json\/wp\/v2\/pages"}],"about":[{"href":"https:\/\/www.redingrealestateinvestment.com\/fr\/wp-json\/wp\/v2\/types\/page"}],"author":[{"embeddable":true,"href":"https:\/\/www.redingrealestateinvestment.com\/fr\/wp-json\/wp\/v2\/users\/2"}],"replies":[{"embeddable":true,"href":"https:\/\/www.redingrealestateinvestment.com\/fr\/wp-json\/wp\/v2\/comments?post=14213"}],"version-history":[{"count":11,"href":"https:\/\/www.redingrealestateinvestment.com\/fr\/wp-json\/wp\/v2\/pages\/14213\/revisions"}],"predecessor-version":[{"id":14235,"href":"https:\/\/www.redingrealestateinvestment.com\/fr\/wp-json\/wp\/v2\/pages\/14213\/revisions\/14235"}],"wp:featuredmedia":[{"embeddable":true,"href":"https:\/\/www.redingrealestateinvestment.com\/fr\/wp-json\/wp\/v2\/media\/14212"}],"wp:attachment":[{"href":"https:\/\/www.redingrealestateinvestment.com\/fr\/wp-json\/wp\/v2\/media?parent=14213"}],"curies":[{"name":"wp","href":"https:\/\/api.w.org\/{rel}","templated":true}]}}