{"id":14190,"date":"2026-03-18T10:17:50","date_gmt":"2026-03-18T09:17:50","guid":{"rendered":"https:\/\/www.redingrealestateinvestment.com\/wynajem-wakacyjny\/"},"modified":"2026-03-18T10:17:51","modified_gmt":"2026-03-18T09:17:51","slug":"wynajem-wakacyjny","status":"publish","type":"page","link":"https:\/\/www.redingrealestateinvestment.com\/pl\/wynajem-wakacyjny\/","title":{"rendered":"Wynajem wakacyjny"},"content":{"rendered":"<p>[et_pb_section fb_built=&#8221;1&#8243; _builder_version=&#8221;4.27.6&#8243; _module_preset=&#8221;default&#8221; background_color=&#8221;rgba(0,0,0,0.4)&#8221; background_image=&#8221;https:\/\/www.redingrealestateinvestment.com\/wp-content\/uploads\/2026\/03\/alquiler-vacacional7.jpg&#8221; custom_padding=&#8221;200px||260px||false|false&#8221; top_divider_color=&#8221;rgba(255,255,255,0.3)&#8221; top_divider_height=&#8221;100%&#8221; top_divider_repeat=&#8221;1.5x&#8221; hover_enabled=&#8221;0&#8243; background_last_edited=&#8221;off|phone&#8221; parallax_phone=&#8221;off&#8221; background_size_phone=&#8221;cover&#8221; locked=&#8221;off&#8221; global_colors_info=&#8221;{}&#8221; title_text=&#8221;alquiler-vacacional7&#8243; sticky_enabled=&#8221;0&#8243;][et_pb_row column_structure=&#8221;3_4,1_4&#8243; _builder_version=&#8221;4.16&#8243; _module_preset=&#8221;default&#8221; max_width=&#8221;80%&#8221; global_colors_info=&#8221;{}&#8221;][et_pb_column type=&#8221;3_4&#8243; _builder_version=&#8221;4.16&#8243; _module_preset=&#8221;default&#8221; global_colors_info=&#8221;{}&#8221;][et_pb_text _builder_version=&#8221;4.27.6&#8243; _module_preset=&#8221;default&#8221; text_font=&#8221;|700||on|||||&#8221; text_text_color=&#8221;#000000&#8243; text_font_size=&#8221;16px&#8221; text_letter_spacing=&#8221;15px&#8221; text_line_height=&#8221;2em&#8221; hover_enabled=&#8221;0&#8243; text_font_size_tablet=&#8221;&#8221; text_font_size_phone=&#8221;14px&#8221; text_font_size_last_edited=&#8221;on|phone&#8221; global_colors_info=&#8221;{}&#8221; sticky_enabled=&#8221;0&#8243;]<\/p>\n<p>Nieruchomo\u015bci Reding<\/p>\n<p>[\/et_pb_text][et_pb_text _builder_version=&#8221;4.27.6&#8243; _module_preset=&#8221;default&#8221; text_font=&#8221;Blaimim|300||on|||||&#8221; text_text_color=&#8221;#000000&#8243; text_font_size=&#8221;60px&#8221; text_line_height=&#8221;1.5em&#8221; hover_enabled=&#8221;0&#8243; text_font_size_tablet=&#8221;&#8221; text_font_size_phone=&#8221;30px&#8221; text_font_size_last_edited=&#8221;on|phone&#8221; global_colors_info=&#8221;{}&#8221; sticky_enabled=&#8221;0&#8243;]<\/p>\n<p><strong>Wynajem wakacyjny<\/strong><\/p>\n<p>[\/et_pb_text][\/et_pb_column][et_pb_column type=&#8221;1_4&#8243; _builder_version=&#8221;4.16&#8243; _module_preset=&#8221;default&#8221; global_colors_info=&#8221;{}&#8221;][\/et_pb_column][\/et_pb_row][\/et_pb_section][et_pb_section fb_built=&#8221;1&#8243; custom_padding_last_edited=&#8221;on|phone&#8221; admin_label=&#8221;About Us&#8221; _builder_version=&#8221;4.16&#8243; background_color=&#8221;#f2f2f2&#8243; background_image=&#8221;https:\/\/www.redingrealestateinvestment.com\/wp-content\/uploads\/2021\/11\/agencias-inmobiliarias-malaga.jpg&#8221; custom_padding=&#8221;100px|0px|100px|0px|true|false&#8221; custom_padding_tablet=&#8221;&#8221; custom_padding_phone=&#8221;30px||30px||true|false&#8221; locked=&#8221;off&#8221; global_colors_info=&#8221;{}&#8221;][et_pb_row column_structure=&#8221;1_2,1_2&#8243; _builder_version=&#8221;4.27.6&#8243; custom_padding=&#8221;||0px|||&#8221; hover_enabled=&#8221;0&#8243; global_colors_info=&#8221;{}&#8221; sticky_enabled=&#8221;0&#8243; make_equal=&#8221;on&#8221;][et_pb_column type=&#8221;1_2&#8243; _builder_version=&#8221;4.27.6&#8243; custom_padding=&#8221;|||0px|false|false&#8221; hover_enabled=&#8221;0&#8243; global_colors_info=&#8221;{}&#8221; custom_padding__hover=&#8221;|||&#8221; sticky_enabled=&#8221;0&#8243;][et_pb_text _builder_version=&#8221;4.27.6&#8243; text_font=&#8221;|300|||||||&#8221; text_font_size=&#8221;20px&#8221; link_font=&#8221;||||||||&#8221; ul_font=&#8221;||||||||&#8221; header_font=&#8221;|300||on|||||&#8221; header_font_size=&#8221;45px&#8221; header_line_height=&#8221;1.5em&#8221; header_2_font=&#8221;|300||on|||||&#8221; header_2_font_size=&#8221;30px&#8221; header_2_line_height=&#8221;1.5em&#8221; header_3_font=&#8221;|300|||||||&#8221; header_3_font_size=&#8221;25px&#8221; header_3_line_height=&#8221;1.5em&#8221; max_width_tablet=&#8221;100%&#8221; max_width_phone=&#8221;100%&#8221; max_width_last_edited=&#8221;off|desktop&#8221; module_alignment=&#8221;right&#8221; custom_padding=&#8221;|||&#8221; custom_padding_tablet=&#8221;|||0px&#8221; custom_padding_phone=&#8221;&#8221; custom_padding_last_edited=&#8221;on|tablet&#8221; hover_enabled=&#8221;0&#8243; header_font_size_tablet=&#8221;&#8221; header_font_size_phone=&#8221;35px&#8221; header_font_size_last_edited=&#8221;on|phone&#8221; header_3_font_size_tablet=&#8221;&#8221; header_3_font_size_phone=&#8221;20px&#8221; header_3_font_size_last_edited=&#8221;on|phone&#8221; global_colors_info=&#8221;{}&#8221; sticky_enabled=&#8221;0&#8243;]<\/p>\n<h1>Apartamenty turystyczne<\/h1>\n<h2>Ciudad de Melilla 3, Malaga<\/h2>\n<p>Odkryj eleganckie, swie\u017co wyremontowane mieszkania turystyczne, po\u0142o\u017cone w Ciudad de Melilla 3, w jednej z najprzyjemniejszych dzielnic Malagi. Zaprojektowane w nowoczesnym i wyrafinowanym stylu, ka\u017cde mieszkanie \u0142\u0105czy w sobie be\u017cowe i szare odcienie, wysokiej jako\u015bci materia\u0142y i staranny wystr\u00f3j, aby zapewni\u0107 komfortowy i przytulny pobyt. <\/p>\n<p>[\/et_pb_text][et_pb_button button_url=&#8221;#reservar&#8221; button_text=&#8221;Sprawd\u017a dost\u0119pno\u015b\u0107&#8221; _builder_version=&#8221;4.27.6&#8243; custom_button=&#8221;on&#8221; button_text_size=&#8221;14px&#8221; button_text_color=&#8221;#757575&#8243; button_border_width=&#8221;2px&#8221; button_border_color=&#8221;#757575&#8243; button_border_radius=&#8221;0px&#8221; button_letter_spacing=&#8221;4px&#8221; button_font=&#8221;|||on|||||&#8221; custom_margin=&#8221;|||&#8221; custom_padding=&#8221;18px||18px|&#8221; hover_enabled=&#8221;0&#8243; button_text_size_tablet=&#8221;&#8221; button_text_size_phone=&#8221;11px&#8221; button_text_size_last_edited=&#8221;on|phone&#8221; button_text_color_hover=&#8221;#ffffff&#8221; button_bg_color_hover=&#8221;#c4beb9&#8243; global_colors_info=&#8221;{}&#8221; button_text_size__hover_enabled=&#8221;off&#8221; button_one_text_size__hover_enabled=&#8221;off&#8221; button_two_text_size__hover_enabled=&#8221;off&#8221; button_text_color__hover_enabled=&#8221;on|desktop&#8221; button_text_color__hover=&#8221;#ffffff&#8221; button_one_text_color__hover_enabled=&#8221;off&#8221; button_two_text_color__hover_enabled=&#8221;off&#8221; button_border_width__hover_enabled=&#8221;off&#8221; button_one_border_width__hover_enabled=&#8221;off&#8221; button_two_border_width__hover_enabled=&#8221;off&#8221; button_border_color__hover_enabled=&#8221;off&#8221; button_one_border_color__hover_enabled=&#8221;off&#8221; button_two_border_color__hover_enabled=&#8221;off&#8221; button_border_radius__hover_enabled=&#8221;off&#8221; button_one_border_radius__hover_enabled=&#8221;off&#8221; button_two_border_radius__hover_enabled=&#8221;off&#8221; button_letter_spacing__hover_enabled=&#8221;off&#8221; button_one_letter_spacing__hover_enabled=&#8221;off&#8221; button_two_letter_spacing__hover_enabled=&#8221;off&#8221; button_bg_color__hover_enabled=&#8221;on|hover&#8221; button_bg_color__hover=&#8221;#757575&#8243; button_one_bg_color__hover_enabled=&#8221;off&#8221; button_two_bg_color__hover_enabled=&#8221;off&#8221; button_bg_enable_color__hover=&#8221;on&#8221; sticky_enabled=&#8221;0&#8243;]&nbsp;<br \/>\n[\/et_pb_button][\/et_pb_column][et_pb_column type=&#8221;1_2&#8243; _builder_version=&#8221;4.27.6&#8243; custom_padding=&#8221;|||&#8221; hover_enabled=&#8221;0&#8243; global_colors_info=&#8221;{}&#8221; custom_padding__hover=&#8221;|||&#8221; title_text=&#8221;alquiler-vacacional10&#8243; background_image=&#8221;https:\/\/www.redingrealestateinvestment.com\/wp-content\/uploads\/2026\/03\/alquiler-vacacional10.jpg&#8221; sticky_enabled=&#8221;0&#8243;][\/et_pb_column][\/et_pb_row][\/et_pb_section][et_pb_section fb_built=&#8221;1&#8243; _builder_version=&#8221;4.27.6&#8243; _module_preset=&#8221;default&#8221; background_color=&#8221;rgba(0,0,0,0.4)&#8221; use_background_color_gradient=&#8221;on&#8221; background_color_gradient_direction=&#8221;65deg&#8221; background_color_gradient_stops=&#8221;rgba(0,0,0,0.7) 34%|rgba(0,0,0,0.2) 100%&#8221; background_color_gradient_start=&#8221;rgba(0,0,0,0.7)&#8221; background_color_gradient_start_position=&#8221;34%&#8221; background_color_gradient_end=&#8221;rgba(0,0,0,0.2)&#8221; background_image=&#8221;https:\/\/www.redingrealestateinvestment.com\/wp-content\/uploads\/2026\/03\/alquiler-vacacional12.jpg&#8221; background_blend=&#8221;multiply&#8221; custom_padding=&#8221;100px||100px||true|&#8221; bottom_divider_color=&#8221;rgba(255,255,255,0.16)&#8221; bottom_divider_height=&#8221;145%&#8221; hover_enabled=&#8221;0&#8243; locked=&#8221;off&#8221; global_colors_info=&#8221;{}&#8221; title_text=&#8221;alquiler-vacacional12&#8243; sticky_enabled=&#8221;0&#8243;][et_pb_row column_structure=&#8221;2_3,1_3&#8243; _builder_version=&#8221;4.16&#8243; _module_preset=&#8221;default&#8221; custom_padding=&#8221;||0px|||&#8221; global_colors_info=&#8221;{}&#8221;][et_pb_column type=&#8221;2_3&#8243; _builder_version=&#8221;4.16&#8243; _module_preset=&#8221;default&#8221; global_colors_info=&#8221;{}&#8221;][et_pb_text _builder_version=&#8221;4.27.6&#8243; text_font=&#8221;|300|||||||&#8221; text_text_color=&#8221;#FFFFFF&#8221; text_font_size=&#8221;20px&#8221; link_font=&#8221;||||||||&#8221; ul_font=&#8221;||||||||&#8221; header_font=&#8221;|300||on|||||&#8221; header_font_size=&#8221;45px&#8221; header_line_height=&#8221;1.5em&#8221; header_2_font=&#8221;|300||on|||||&#8221; header_2_text_color=&#8221;#FFFFFF&#8221; header_2_font_size=&#8221;45px&#8221; header_2_line_height=&#8221;1.5em&#8221; header_3_font=&#8221;|300|||||||&#8221; header_3_font_size=&#8221;25px&#8221; header_3_line_height=&#8221;1.5em&#8221; max_width_tablet=&#8221;100%&#8221; max_width_phone=&#8221;100%&#8221; max_width_last_edited=&#8221;off|desktop&#8221; module_alignment=&#8221;right&#8221; custom_padding=&#8221;|||&#8221; custom_padding_tablet=&#8221;|||0px&#8221; custom_padding_phone=&#8221;&#8221; custom_padding_last_edited=&#8221;on|tablet&#8221; hover_enabled=&#8221;0&#8243; header_font_size_tablet=&#8221;&#8221; header_font_size_phone=&#8221;35px&#8221; header_font_size_last_edited=&#8221;on|phone&#8221; header_3_font_size_tablet=&#8221;&#8221; header_3_font_size_phone=&#8221;20px&#8221; header_3_font_size_last_edited=&#8221;on|phone&#8221; global_colors_info=&#8221;{}&#8221; sticky_enabled=&#8221;0&#8243;]<\/p>\n<h2>Przestrzenie dla Twojej wygody<\/h2>\n<p>Mieszkania maj\u0105  <wbr><\/wbr>oko\u0142o 40<strong> m\u00b2<\/strong>, <wbr><\/wbr>doskonale wykorzystany  <wbr><\/wbr>oferowa\u0107 przestrze\u0144  <wbr><\/wbr>funkcjonalne i wygodne.  <wbr><\/wbr>Maj\u0105 one powierzchni\u0119 <wbr><\/wbr>du\u017ce \u0142\u00f3\u017cko, du\u017ce \u0142\u00f3\u017cko  <wbr><\/wbr>przytulna cz\u0119\u015b\u0107 dzienna i  <strong><wbr><\/wbr>w pe\u0142ni wyposa\u017cona kuchnia<\/strong> <wbr><\/wbr>z urz\u0105dzeniami elektrycznymi  <wbr><\/wbr>idealny zar\u00f3wno dla nowoczesnych, jak i  <wbr><\/wbr>kr\u00f3tkie pobyty, jak r\u00f3wnie\u017c dla  <wbr><\/wbr>wycieczki trwaj\u0105ce kilka dni.<\/p>\n<p>Ka\u017cde mieszkanie obejmuje  <wbr><\/wbr>r\u00f3wnie\u017c <strong>w pe\u0142ni prywatn\u0105 \u0142azienk\u0119<\/strong>,   <wbr><\/wbr>Najwy\u017cszej jako\u015bci wyko\u0144czenia i wszystkie  <wbr><\/wbr>niezb\u0119dne udogodnienia dla  <wbr><\/wbr>aby\u015b poczu\u0142 si\u0119 jak w domu:  <wbr><\/wbr>klimatyzacja, o\u015bwietlenie  <wbr><\/wbr>ciep\u0142e, designerskie meble  <wbr><\/wbr>i przestrzenie zaprojektowane dla  <wbr><\/wbr>odpoczynek po ca\u0142ym dniu  <wbr><\/wbr>cieszy\u0107 si\u0119 miastem.<\/p>\n<p>[\/et_pb_text][\/et_pb_column][et_pb_column type=&#8221;1_3&#8243; _builder_version=&#8221;4.16&#8243; _module_preset=&#8221;default&#8221; global_colors_info=&#8221;{}&#8221;][\/et_pb_column][\/et_pb_row][\/et_pb_section][et_pb_section fb_built=&#8221;1&#8243; custom_padding_last_edited=&#8221;on|phone&#8221; admin_label=&#8221;About Us&#8221; _builder_version=&#8221;4.16&#8243; background_color=&#8221;#f2f2f2&#8243; background_image=&#8221;https:\/\/www.redingrealestateinvestment.com\/wp-content\/uploads\/2021\/11\/agencias-inmobiliarias-malaga.jpg&#8221; custom_padding=&#8221;100px|0px|100px|0px|true|false&#8221; custom_padding_tablet=&#8221;&#8221; custom_padding_phone=&#8221;30px||30px||true|false&#8221; locked=&#8221;off&#8221; global_colors_info=&#8221;{}&#8221;][et_pb_row column_structure=&#8221;1_2,1_2&#8243; _builder_version=&#8221;4.27.6&#8243; custom_padding=&#8221;||0px|||&#8221; hover_enabled=&#8221;0&#8243; global_colors_info=&#8221;{}&#8221; sticky_enabled=&#8221;0&#8243; make_equal=&#8221;on&#8221;][et_pb_column type=&#8221;1_2&#8243; _builder_version=&#8221;4.27.6&#8243; custom_padding=&#8221;|||0px|false|false&#8221; hover_enabled=&#8221;0&#8243; global_colors_info=&#8221;{}&#8221; custom_padding__hover=&#8221;|||&#8221; sticky_enabled=&#8221;0&#8243;][et_pb_text _builder_version=&#8221;4.19.4&#8243; text_font=&#8221;|300|||||||&#8221; text_font_size=&#8221;20px&#8221; link_font=&#8221;||||||||&#8221; ul_font=&#8221;||||||||&#8221; header_font=&#8221;|300||on|||||&#8221; header_font_size=&#8221;45px&#8221; header_line_height=&#8221;1.5em&#8221; header_2_font=&#8221;|300||on|||||&#8221; header_2_font_size=&#8221;30px&#8221; header_2_line_height=&#8221;1.5em&#8221; header_3_font=&#8221;|300|||||||&#8221; header_3_font_size=&#8221;25px&#8221; header_3_line_height=&#8221;1.5em&#8221; max_width_tablet=&#8221;100%&#8221; max_width_phone=&#8221;100%&#8221; max_width_last_edited=&#8221;off|desktop&#8221; module_alignment=&#8221;right&#8221; custom_padding=&#8221;|||&#8221; custom_padding_tablet=&#8221;|||0px&#8221; custom_padding_phone=&#8221;&#8221; custom_padding_last_edited=&#8221;on|tablet&#8221; header_font_size_tablet=&#8221;&#8221; header_font_size_phone=&#8221;35px&#8221; header_font_size_last_edited=&#8221;on|phone&#8221; header_3_font_size_tablet=&#8221;&#8221; header_3_font_size_phone=&#8221;20px&#8221; header_3_font_size_last_edited=&#8221;on|phone&#8221; global_colors_info=&#8221;{}&#8221;]<\/p>\n<h1>Uprzywilejowana lokalizacja<\/h1>\n<p style=\"text-align: left;\">Lokalizacja jest jedn\u0105 z jego g\u0142\u00f3wnych atrakcji. W odleg\u0142o\u015bci kilku minut znajduje si\u0119 s\u0142ynna Muelle Uno, jedna z najbardziej t\u0119tni\u0105cych \u017cyciem cz\u0119\u015bci portu w Maladze, gdzie mo\u017cna spacerowa\u0107 nad morzem, korzysta\u0107 ze sklep\u00f3w, taras\u00f3w i bogatej oferty gastronomicznej. W pobli\u017cu znajduje si\u0119 r\u00f3wnie\u017c s\u0142ynna restauracja Trocadero Casa de Botes, charakterystyczne miejsce, w kt\u00f3rym mo\u017cna delektowa\u0107 si\u0119 kuchni\u0105 \u015br\u00f3dziemnomorsk\u0105 nad morzem.  <\/p>\n<p>[\/et_pb_text][et_pb_button button_url=&#8221;#reservar&#8221; button_text=&#8221;Sprawd\u017a dost\u0119pno\u015b\u0107&#8221; _builder_version=&#8221;4.27.6&#8243; custom_button=&#8221;on&#8221; button_text_size=&#8221;14px&#8221; button_text_color=&#8221;#757575&#8243; button_border_width=&#8221;2px&#8221; button_border_color=&#8221;#757575&#8243; button_border_radius=&#8221;0px&#8221; button_letter_spacing=&#8221;4px&#8221; button_font=&#8221;|||on|||||&#8221; custom_margin=&#8221;|||&#8221; custom_padding=&#8221;18px||18px|&#8221; hover_enabled=&#8221;0&#8243; button_text_size_tablet=&#8221;&#8221; button_text_size_phone=&#8221;11px&#8221; button_text_size_last_edited=&#8221;on|phone&#8221; button_text_color_hover=&#8221;#ffffff&#8221; button_bg_color_hover=&#8221;#c4beb9&#8243; global_colors_info=&#8221;{}&#8221; button_text_size__hover_enabled=&#8221;off&#8221; button_one_text_size__hover_enabled=&#8221;off&#8221; button_two_text_size__hover_enabled=&#8221;off&#8221; button_text_color__hover_enabled=&#8221;on|desktop&#8221; button_text_color__hover=&#8221;#ffffff&#8221; button_one_text_color__hover_enabled=&#8221;off&#8221; button_two_text_color__hover_enabled=&#8221;off&#8221; button_border_width__hover_enabled=&#8221;off&#8221; button_one_border_width__hover_enabled=&#8221;off&#8221; button_two_border_width__hover_enabled=&#8221;off&#8221; button_border_color__hover_enabled=&#8221;off&#8221; button_one_border_color__hover_enabled=&#8221;off&#8221; button_two_border_color__hover_enabled=&#8221;off&#8221; button_border_radius__hover_enabled=&#8221;off&#8221; button_one_border_radius__hover_enabled=&#8221;off&#8221; button_two_border_radius__hover_enabled=&#8221;off&#8221; button_letter_spacing__hover_enabled=&#8221;off&#8221; button_one_letter_spacing__hover_enabled=&#8221;off&#8221; button_two_letter_spacing__hover_enabled=&#8221;off&#8221; button_bg_color__hover_enabled=&#8221;on|hover&#8221; button_bg_color__hover=&#8221;#757575&#8243; button_one_bg_color__hover_enabled=&#8221;off&#8221; button_two_bg_color__hover_enabled=&#8221;off&#8221; button_bg_enable_color__hover=&#8221;on&#8221; sticky_enabled=&#8221;0&#8243;]&nbsp;<br \/>\n[\/et_pb_button][\/et_pb_column][et_pb_column type=&#8221;1_2&#8243; _builder_version=&#8221;4.27.6&#8243; custom_padding=&#8221;|||&#8221; hover_enabled=&#8221;0&#8243; global_colors_info=&#8221;{}&#8221; custom_padding__hover=&#8221;|||&#8221; title_text=&#8221;alquiler-vacacional14&#8243; background_image=&#8221;https:\/\/www.redingrealestateinvestment.com\/wp-content\/uploads\/2026\/03\/alquiler-vacacional14.jpg&#8221; sticky_enabled=&#8221;0&#8243;][\/et_pb_column][\/et_pb_row][et_pb_row column_structure=&#8221;1_2,1_2&#8243; _builder_version=&#8221;4.27.6&#8243; custom_padding=&#8221;20px||0px|||&#8221; hover_enabled=&#8221;0&#8243; global_colors_info=&#8221;{}&#8221; make_equal=&#8221;on&#8221; sticky_enabled=&#8221;0&#8243; custom_margin=&#8221;100px||||false|false&#8221;][et_pb_column type=&#8221;1_2&#8243; _builder_version=&#8221;4.27.6&#8243; custom_padding=&#8221;|||6%&#8221; hover_enabled=&#8221;0&#8243; global_colors_info=&#8221;{}&#8221; custom_padding__hover=&#8221;|||&#8221; title_text=&#8221;alquiler-vacacional9&#8243; background_image=&#8221;https:\/\/www.redingrealestateinvestment.com\/wp-content\/uploads\/2026\/03\/alquiler-vacacional9.jpg&#8221; sticky_enabled=&#8221;0&#8243;][\/et_pb_column][et_pb_column type=&#8221;1_2&#8243; _builder_version=&#8221;4.27.6&#8243; custom_padding=&#8221;|||0px|false|false&#8221; hover_enabled=&#8221;0&#8243; global_colors_info=&#8221;{}&#8221; custom_padding__hover=&#8221;|||&#8221; sticky_enabled=&#8221;0&#8243;][et_pb_text _builder_version=&#8221;4.19.4&#8243; text_font=&#8221;|300|||||||&#8221; text_font_size=&#8221;20px&#8221; link_font=&#8221;||||||||&#8221; ul_font=&#8221;||||||||&#8221; header_font=&#8221;|300||on|||||&#8221; header_font_size=&#8221;45px&#8221; header_line_height=&#8221;1.5em&#8221; header_2_font=&#8221;|300||on|||||&#8221; header_2_font_size=&#8221;30px&#8221; header_2_line_height=&#8221;1.5em&#8221; header_3_font=&#8221;|300|||||||&#8221; header_3_font_size=&#8221;25px&#8221; header_3_line_height=&#8221;1.5em&#8221; max_width_tablet=&#8221;100%&#8221; max_width_phone=&#8221;100%&#8221; max_width_last_edited=&#8221;off|desktop&#8221; module_alignment=&#8221;right&#8221; custom_padding=&#8221;|||&#8221; custom_padding_tablet=&#8221;|||0px&#8221; custom_padding_phone=&#8221;&#8221; custom_padding_last_edited=&#8221;on|tablet&#8221; header_font_size_tablet=&#8221;&#8221; header_font_size_phone=&#8221;35px&#8221; header_font_size_last_edited=&#8221;on|phone&#8221; header_3_font_size_tablet=&#8221;&#8221; header_3_font_size_phone=&#8221;20px&#8221; header_3_font_size_last_edited=&#8221;on|phone&#8221; global_colors_info=&#8221;{}&#8221;]<\/p>\n<p>Ponadto mieszkania znajduj\u0105 si\u0119 obok portu w Maladze, gdzie znajduje si\u0119 terminal wycieczkowy, punkt przyjazdu dla turyst\u00f3w z ca\u0142ego \u015bwiata. Z tego obszaru odp\u0142ywaj\u0105 r\u00f3wnie\u017c \u0142odzie turystyczne i wycieczki morskie, idealne do odkrywania wybrze\u017ca Malagi od strony morza. <\/p>\n<p>Blisko\u015b\u0107 pla\u017cy Malagueta, promenady, restauracji, bar\u00f3w pla\u017cowych i g\u0142\u00f3wnych atrakcji kulturalnych miasta sprawia, \u017ce mieszkania te s\u0105 idealn\u0105 opcj\u0105 dla tych, kt\u00f3rzy chc\u0105 cieszy\u0107 si\u0119 Malag\u0105 w komforcie i stylu.<\/p>\n<p>[\/et_pb_text][\/et_pb_column][\/et_pb_row][\/et_pb_section][et_pb_section fb_built=&#8221;1&#8243; _builder_version=&#8221;4.27.6&#8243; _module_preset=&#8221;default&#8221; background_image=&#8221;https:\/\/www.redingrealestateinvestment.com\/wp-content\/uploads\/2026\/03\/alquiler-vacacional13.jpg&#8221; custom_padding=&#8221;50px||50px||true|false&#8221; hover_enabled=&#8221;0&#8243; locked=&#8221;off&#8221; global_colors_info=&#8221;{}&#8221; sticky_enabled=&#8221;0&#8243; title_text=&#8221;alquiler-vacacional13&#8243;][et_pb_row _builder_version=&#8221;4.16&#8243; _module_preset=&#8221;default&#8221; global_colors_info=&#8221;{}&#8221;][et_pb_column type=&#8221;4_4&#8243; _builder_version=&#8221;4.16&#8243; _module_preset=&#8221;default&#8221; global_colors_info=&#8221;{}&#8221;][et_pb_text _builder_version=&#8221;4.16&#8243; _module_preset=&#8221;default&#8221; text_font=&#8221;|300|||||||&#8221; text_text_color=&#8221;#FFFFFF&#8221; text_font_size=&#8221;45px&#8221; text_line_height=&#8221;1.3em&#8221; background_enable_color=&#8221;off&#8221; custom_padding=&#8221;2%||2%||false|false&#8221; text_font_size_tablet=&#8221;45px&#8221; text_font_size_phone=&#8221;30px&#8221; text_font_size_last_edited=&#8221;on|phone&#8221; text_text_shadow_style=&#8221;preset1&#8243; global_colors_info=&#8221;{}&#8221;]<\/p>\n<p style=\"text-align: center;\">Nowoczesne, przytulne i doskonale zlokalizowane zakwaterowanie, aby pozna\u0107 miasto, morze i wyj\u0105tkow\u0105 atmosfer\u0119 portu w Maladze.<\/p>\n<p>[\/et_pb_text][\/et_pb_column][\/et_pb_row][\/et_pb_section][et_pb_section fb_built=&#8221;1&#8243; custom_padding_last_edited=&#8221;on|phone&#8221; admin_label=&#8221;Shop&#8221; _builder_version=&#8221;4.16&#8243; background_color=&#8221;#f2f2f2&#8243; background_image=&#8221;https:\/\/www.redingrealestateinvestment.com\/wp-content\/uploads\/2021\/11\/agencias-inmobiliarias-malaga.jpg&#8221; background_size=&#8221;initial&#8221; background_position=&#8221;bottom_center&#8221; background_repeat=&#8221;repeat&#8221; custom_padding=&#8221;100px||0px||false|&#8221; custom_padding_tablet=&#8221;&#8221; custom_padding_phone=&#8221;30px||30px||true|false&#8221; top_divider_color=&#8221;rgba(255,255,255,0.6)&#8221; top_divider_height=&#8221;800px&#8221; top_divider_repeat=&#8221;2x&#8221; bottom_divider_color=&#8221;rgba(255,255,255,0.61)&#8221; bottom_divider_height=&#8221;600px&#8221; bottom_divider_repeat=&#8221;2x&#8221; locked=&#8221;off&#8221; global_colors_info=&#8221;{}&#8221;][et_pb_row _builder_version=&#8221;4.16&#8243; custom_padding=&#8221;1px||0px|||&#8221; global_colors_info=&#8221;{}&#8221;][et_pb_column type=&#8221;4_4&#8243; _builder_version=&#8221;4.16&#8243; custom_padding=&#8221;|||&#8221; global_colors_info=&#8221;{}&#8221; custom_padding__hover=&#8221;|||&#8221;][et_pb_text _builder_version=&#8221;4.19.4&#8243; text_font=&#8221;Cormorant Garamond||||||||&#8221; text_font_size=&#8221;20px&#8221; link_font=&#8221;||||||||&#8221; ul_font=&#8221;||||||||&#8221; header_font=&#8221;||||||||&#8221; header_2_font=&#8221;|300||on|||||&#8221; header_2_font_size=&#8221;45px&#8221; header_2_line_height=&#8221;1.5em&#8221; header_3_font=&#8221;||||||||&#8221; header_3_font_size=&#8221;45px&#8221; header_3_line_height=&#8221;1.5em&#8221; header_4_font=&#8221;||||||||&#8221; header_5_font=&#8221;Poppins|700||on|||||&#8221; header_5_text_color=&#8221;#ecd5c5&#8243; header_5_letter_spacing=&#8221;15px&#8221; header_5_line_height=&#8221;1.8em&#8221; text_orientation=&#8221;center&#8221; max_width_tablet=&#8221;100%&#8221; max_width_phone=&#8221;100%&#8221; max_width_last_edited=&#8221;off|desktop&#8221; module_alignment=&#8221;right&#8221; header_2_font_size_tablet=&#8221;&#8221; header_2_font_size_phone=&#8221;30px&#8221; header_2_font_size_last_edited=&#8221;on|phone&#8221; locked=&#8221;off&#8221; global_colors_info=&#8221;{}&#8221;]<\/p>\n<h2>Sprawd\u017a dost\u0119pno\u015b\u0107<\/h2>\n<p>[\/et_pb_text][et_pb_text _builder_version=&#8221;4.27.6&#8243; _module_preset=&#8221;default&#8221; hover_enabled=&#8221;0&#8243; global_colors_info=&#8221;{}&#8221; sticky_enabled=&#8221;0&#8243; module_id=&#8221;reservar&#8221;]<\/p>\n<style>\n       .errordiv { padding:10px; margin:10px; border: 1px solid #555555;color: #000000;background-color: #f8f8f8; width:500px; }#advanced_iframe {visibility:visible;opacity:1;vertical-align:top;}.ai-info-bottom-iframe { position: fixed; z-index: 10000; bottom:0; left: 0; margin: 0px; text-align: center; width: 100%; background-color: #ff9999; padding-left: 5px;padding-bottom: 5px; border-top: 1px solid #aaa } a.ai-bold {font-weight: bold;}#ai-layer-div-advanced_iframe p {height:100%;margin:0;padding:0}<\/style><script type=\"text\/javascript\">var ai_iframe_width_advanced_iframe = 0;var ai_iframe_height_advanced_iframe = 0;var aiOnloadScrollTop=\"true\";var aiShowDebug=false;\n\t\tif (typeof aiReadyCallbacks === 'undefined') {\n\t\t\tvar aiReadyCallbacks = [];\n\t\t} else if (!(aiReadyCallbacks instanceof Array)) {\n\t\t\tvar aiReadyCallbacks = [];\n\t\t}    function aiShowIframeId(id_iframe) { jQuery(\"#\"+id_iframe).css(\"visibility\", \"visible\");    }    function aiResizeIframeHeight(height) { aiResizeIframeHeight(height,advanced_iframe); }    function aiResizeIframeHeightId(height,width,id) {aiResizeIframeHeightById(id,height);}<\/script><iframe id=\"advanced_iframe\"  name=\"advanced_iframe\"  src=\"https:\/\/bookonline.pro\/es\/properties\/102034?iframe=1\"  width=\"100%\"  height=\"900\"  frameborder=\"0\"  border=\"0\"  allowtransparency=\"true\"  loading=\"lazy\"  style=\";border-width: 0px;;border: none;;width:100%;;height:900px;\" ><\/iframe><script type=\"text\/javascript\">var ifrm_advanced_iframe = document.getElementById(\"advanced_iframe\");var hiddenTabsDoneadvanced_iframe = false;\nfunction resizeCallbackadvanced_iframe() {}<\/script><script type=\"text\/javascript\"><\/script>\n<p>[\/et_pb_text][\/et_pb_column][\/et_pb_row][\/et_pb_section]<\/p>\n","protected":false},"excerpt":{"rendered":"<p>Nieruchomo\u015bci RedingWynajem wakacyjnyApartamenty turystyczne Ciudad de Melilla 3, Malaga Odkryj eleganckie, swie\u017co wyremontowane mieszkania turystyczne, po\u0142o\u017cone w Ciudad de Melilla 3, w jednej z najprzyjemniejszych dzielnic Malagi. Zaprojektowane w nowoczesnym i wyrafinowanym stylu, ka\u017cde mieszkanie \u0142\u0105czy w sobie be\u017cowe i szare odcienie, wysokiej jako\u015bci materia\u0142y i staranny wystr\u00f3j, aby zapewni\u0107 komfortowy i przytulny pobyt. &nbsp; [&hellip;]<\/p>\n","protected":false},"author":2,"featured_media":14189,"parent":0,"menu_order":0,"comment_status":"closed","ping_status":"closed","template":"","meta":{"_et_pb_use_builder":"on","_et_pb_old_content":"","_et_gb_content_width":"","footnotes":""},"class_list":["post-14190","page","type-page","status-publish","has-post-thumbnail","hentry"],"yoast_head":"<!-- This site is optimized with the Yoast SEO plugin v27.5 - https:\/\/yoast.com\/product\/yoast-seo-wordpress\/ -->\n<title>Wynajem wakacyjny - Reding investment<\/title>\n<meta name=\"description\" content=\"Luksusowe mieszkania do wynaj\u0119cia na wakacje w Maladze, nowoczesne studia na pla\u017cy La Malagueta.\" \/>\n<meta name=\"robots\" content=\"index, follow, max-snippet:-1, max-image-preview:large, max-video-preview:-1\" \/>\n<link rel=\"canonical\" href=\"https:\/\/www.redingrealestateinvestment.com\/pl\/wynajem-wakacyjny\/\" \/>\n<meta property=\"og:locale\" content=\"pl_PL\" \/>\n<meta property=\"og:type\" content=\"article\" \/>\n<meta property=\"og:title\" content=\"Wynajem wakacyjny - Reding investment\" \/>\n<meta property=\"og:description\" content=\"Luksusowe mieszkania do wynaj\u0119cia na wakacje w Maladze, nowoczesne studia na pla\u017cy La Malagueta.\" \/>\n<meta property=\"og:url\" content=\"https:\/\/www.redingrealestateinvestment.com\/pl\/wynajem-wakacyjny\/\" \/>\n<meta property=\"og:site_name\" content=\"Reding investment\" \/>\n<meta property=\"article:modified_time\" content=\"2026-03-18T09:17:51+00:00\" \/>\n<meta property=\"og:image\" content=\"https:\/\/www.redingrealestateinvestment.com\/wp-content\/uploads\/2026\/03\/alquiler-vacacional11.jpg\" \/>\n\t<meta property=\"og:image:width\" content=\"1920\" \/>\n\t<meta property=\"og:image:height\" content=\"1269\" \/>\n\t<meta property=\"og:image:type\" content=\"image\/jpeg\" \/>\n<meta name=\"twitter:card\" content=\"summary_large_image\" \/>\n<meta name=\"twitter:label1\" content=\"Szacowany czas czytania\" \/>\n\t<meta name=\"twitter:data1\" content=\"12 minut\" \/>\n<script type=\"application\/ld+json\" class=\"yoast-schema-graph\">{\"@context\":\"https:\\\/\\\/schema.org\",\"@graph\":[{\"@type\":\"WebPage\",\"@id\":\"https:\\\/\\\/www.redingrealestateinvestment.com\\\/pl\\\/wynajem-wakacyjny\\\/\",\"url\":\"https:\\\/\\\/www.redingrealestateinvestment.com\\\/pl\\\/wynajem-wakacyjny\\\/\",\"name\":\"Wynajem wakacyjny - Reding investment\",\"isPartOf\":{\"@id\":\"https:\\\/\\\/www.redingrealestateinvestment.com\\\/#website\"},\"primaryImageOfPage\":{\"@id\":\"https:\\\/\\\/www.redingrealestateinvestment.com\\\/pl\\\/wynajem-wakacyjny\\\/#primaryimage\"},\"image\":{\"@id\":\"https:\\\/\\\/www.redingrealestateinvestment.com\\\/pl\\\/wynajem-wakacyjny\\\/#primaryimage\"},\"thumbnailUrl\":\"https:\\\/\\\/www.redingrealestateinvestment.com\\\/wp-content\\\/uploads\\\/2026\\\/03\\\/alquiler-vacacional11.jpg\",\"datePublished\":\"2026-03-18T09:17:50+00:00\",\"dateModified\":\"2026-03-18T09:17:51+00:00\",\"description\":\"Luksusowe mieszkania do wynaj\u0119cia na wakacje w Maladze, nowoczesne studia na pla\u017cy La Malagueta.\",\"breadcrumb\":{\"@id\":\"https:\\\/\\\/www.redingrealestateinvestment.com\\\/pl\\\/wynajem-wakacyjny\\\/#breadcrumb\"},\"inLanguage\":\"pl-PL\",\"potentialAction\":[{\"@type\":\"ReadAction\",\"target\":[\"https:\\\/\\\/www.redingrealestateinvestment.com\\\/pl\\\/wynajem-wakacyjny\\\/\"]}]},{\"@type\":\"ImageObject\",\"inLanguage\":\"pl-PL\",\"@id\":\"https:\\\/\\\/www.redingrealestateinvestment.com\\\/pl\\\/wynajem-wakacyjny\\\/#primaryimage\",\"url\":\"https:\\\/\\\/www.redingrealestateinvestment.com\\\/wp-content\\\/uploads\\\/2026\\\/03\\\/alquiler-vacacional11.jpg\",\"contentUrl\":\"https:\\\/\\\/www.redingrealestateinvestment.com\\\/wp-content\\\/uploads\\\/2026\\\/03\\\/alquiler-vacacional11.jpg\",\"width\":1920,\"height\":1269},{\"@type\":\"BreadcrumbList\",\"@id\":\"https:\\\/\\\/www.redingrealestateinvestment.com\\\/pl\\\/wynajem-wakacyjny\\\/#breadcrumb\",\"itemListElement\":[{\"@type\":\"ListItem\",\"position\":1,\"name\":\"Portada\",\"item\":\"https:\\\/\\\/www.redingrealestateinvestment.com\\\/pl\\\/nieruchomosci-malaga\\\/\"},{\"@type\":\"ListItem\",\"position\":2,\"name\":\"Wynajem wakacyjny\"}]},{\"@type\":\"WebSite\",\"@id\":\"https:\\\/\\\/www.redingrealestateinvestment.com\\\/#website\",\"url\":\"https:\\\/\\\/www.redingrealestateinvestment.com\\\/\",\"name\":\"Reding investment\",\"description\":\"Propiedades M\u00e1laga Marbella | Reding Real Estate | Espa\u00f1a\",\"potentialAction\":[{\"@type\":\"SearchAction\",\"target\":{\"@type\":\"EntryPoint\",\"urlTemplate\":\"https:\\\/\\\/www.redingrealestateinvestment.com\\\/?s={search_term_string}\"},\"query-input\":{\"@type\":\"PropertyValueSpecification\",\"valueRequired\":true,\"valueName\":\"search_term_string\"}}],\"inLanguage\":\"pl-PL\"}]}<\/script>\n<!-- \/ Yoast SEO plugin. -->","yoast_head_json":{"title":"Wynajem wakacyjny - Reding investment","description":"Luksusowe mieszkania do wynaj\u0119cia na wakacje w Maladze, nowoczesne studia na pla\u017cy La Malagueta.","robots":{"index":"index","follow":"follow","max-snippet":"max-snippet:-1","max-image-preview":"max-image-preview:large","max-video-preview":"max-video-preview:-1"},"canonical":"https:\/\/www.redingrealestateinvestment.com\/pl\/wynajem-wakacyjny\/","og_locale":"pl_PL","og_type":"article","og_title":"Wynajem wakacyjny - Reding investment","og_description":"Luksusowe mieszkania do wynaj\u0119cia na wakacje w Maladze, nowoczesne studia na pla\u017cy La Malagueta.","og_url":"https:\/\/www.redingrealestateinvestment.com\/pl\/wynajem-wakacyjny\/","og_site_name":"Reding investment","article_modified_time":"2026-03-18T09:17:51+00:00","og_image":[{"width":1920,"height":1269,"url":"https:\/\/www.redingrealestateinvestment.com\/wp-content\/uploads\/2026\/03\/alquiler-vacacional11.jpg","type":"image\/jpeg"}],"twitter_card":"summary_large_image","twitter_misc":{"Szacowany czas czytania":"12 minut"},"schema":{"@context":"https:\/\/schema.org","@graph":[{"@type":"WebPage","@id":"https:\/\/www.redingrealestateinvestment.com\/pl\/wynajem-wakacyjny\/","url":"https:\/\/www.redingrealestateinvestment.com\/pl\/wynajem-wakacyjny\/","name":"Wynajem wakacyjny - Reding investment","isPartOf":{"@id":"https:\/\/www.redingrealestateinvestment.com\/#website"},"primaryImageOfPage":{"@id":"https:\/\/www.redingrealestateinvestment.com\/pl\/wynajem-wakacyjny\/#primaryimage"},"image":{"@id":"https:\/\/www.redingrealestateinvestment.com\/pl\/wynajem-wakacyjny\/#primaryimage"},"thumbnailUrl":"https:\/\/www.redingrealestateinvestment.com\/wp-content\/uploads\/2026\/03\/alquiler-vacacional11.jpg","datePublished":"2026-03-18T09:17:50+00:00","dateModified":"2026-03-18T09:17:51+00:00","description":"Luksusowe mieszkania do wynaj\u0119cia na wakacje w Maladze, nowoczesne studia na pla\u017cy La Malagueta.","breadcrumb":{"@id":"https:\/\/www.redingrealestateinvestment.com\/pl\/wynajem-wakacyjny\/#breadcrumb"},"inLanguage":"pl-PL","potentialAction":[{"@type":"ReadAction","target":["https:\/\/www.redingrealestateinvestment.com\/pl\/wynajem-wakacyjny\/"]}]},{"@type":"ImageObject","inLanguage":"pl-PL","@id":"https:\/\/www.redingrealestateinvestment.com\/pl\/wynajem-wakacyjny\/#primaryimage","url":"https:\/\/www.redingrealestateinvestment.com\/wp-content\/uploads\/2026\/03\/alquiler-vacacional11.jpg","contentUrl":"https:\/\/www.redingrealestateinvestment.com\/wp-content\/uploads\/2026\/03\/alquiler-vacacional11.jpg","width":1920,"height":1269},{"@type":"BreadcrumbList","@id":"https:\/\/www.redingrealestateinvestment.com\/pl\/wynajem-wakacyjny\/#breadcrumb","itemListElement":[{"@type":"ListItem","position":1,"name":"Portada","item":"https:\/\/www.redingrealestateinvestment.com\/pl\/nieruchomosci-malaga\/"},{"@type":"ListItem","position":2,"name":"Wynajem wakacyjny"}]},{"@type":"WebSite","@id":"https:\/\/www.redingrealestateinvestment.com\/#website","url":"https:\/\/www.redingrealestateinvestment.com\/","name":"Reding investment","description":"Propiedades M\u00e1laga Marbella | Reding Real Estate | Espa\u00f1a","potentialAction":[{"@type":"SearchAction","target":{"@type":"EntryPoint","urlTemplate":"https:\/\/www.redingrealestateinvestment.com\/?s={search_term_string}"},"query-input":{"@type":"PropertyValueSpecification","valueRequired":true,"valueName":"search_term_string"}}],"inLanguage":"pl-PL"}]}},"_links":{"self":[{"href":"https:\/\/www.redingrealestateinvestment.com\/pl\/wp-json\/wp\/v2\/pages\/14190","targetHints":{"allow":["GET"]}}],"collection":[{"href":"https:\/\/www.redingrealestateinvestment.com\/pl\/wp-json\/wp\/v2\/pages"}],"about":[{"href":"https:\/\/www.redingrealestateinvestment.com\/pl\/wp-json\/wp\/v2\/types\/page"}],"author":[{"embeddable":true,"href":"https:\/\/www.redingrealestateinvestment.com\/pl\/wp-json\/wp\/v2\/users\/2"}],"replies":[{"embeddable":true,"href":"https:\/\/www.redingrealestateinvestment.com\/pl\/wp-json\/wp\/v2\/comments?post=14190"}],"version-history":[{"count":2,"href":"https:\/\/www.redingrealestateinvestment.com\/pl\/wp-json\/wp\/v2\/pages\/14190\/revisions"}],"predecessor-version":[{"id":14192,"href":"https:\/\/www.redingrealestateinvestment.com\/pl\/wp-json\/wp\/v2\/pages\/14190\/revisions\/14192"}],"wp:featuredmedia":[{"embeddable":true,"href":"https:\/\/www.redingrealestateinvestment.com\/pl\/wp-json\/wp\/v2\/media\/14189"}],"wp:attachment":[{"href":"https:\/\/www.redingrealestateinvestment.com\/pl\/wp-json\/wp\/v2\/media?parent=14190"}],"curies":[{"name":"wp","href":"https:\/\/api.w.org\/{rel}","templated":true}]}}